{"id":7,"date":"2018-08-07T05:57:48","date_gmt":"2018-08-07T05:57:48","guid":{"rendered":"http:\/\/www.urban-furniture.cz\/?page_id=7"},"modified":"2025-04-06T19:50:59","modified_gmt":"2025-04-06T19:50:59","slug":"domu","status":"publish","type":"page","link":"https:\/\/www.urban-furniture.cz\/","title":{"rendered":"V\u00cdTEJTE"},"content":{"rendered":"\n<p>Pokud hled\u00e1te mo\u017enost z\u00edsk\u00e1n\u00ed neot\u0159el\u00e9ho designu n\u00e1bytku v jedine\u010dn\u00e9m proveden\u00ed, jste tu spr\u00e1vn\u011b! Nev\u00e1hejte n\u00e1s kontaktovat s Va\u0161imi po\u017eadavky. A\u0165 u\u017e se jedn\u00e1 o exteri\u00e9rov\u00fd n\u00e1bytek nebo n\u00e1bytek do interi\u00e9ru.<\/p>\n","protected":false},"excerpt":{"rendered":"<p>Pokud hled\u00e1te mo\u017enost z\u00edsk\u00e1n\u00ed neot\u0159el\u00e9ho designu n\u00e1bytku v jedine\u010dn\u00e9m proveden\u00ed, jste tu spr\u00e1vn\u011b! Nev\u00e1hejte n\u00e1s kontaktovat s Va\u0161imi po\u017eadavky. A\u0165 u\u017e se jedn\u00e1 o exteri\u00e9rov\u00fd n\u00e1bytek nebo n\u00e1bytek do interi\u00e9ru.<\/p>\n","protected":false},"author":1,"featured_media":0,"parent":0,"menu_order":0,"comment_status":"closed","ping_status":"closed","template":"","meta":{"content-type":""},"yoast_head":"<!-- This site is optimized with the Yoast SEO plugin v20.2.1 - https:\/\/yoast.com\/wordpress\/plugins\/seo\/ -->\n<title>V\u00cdTEJTE &bull; Urban-furniture<\/title>\n<meta name=\"description\" content=\"Zab\u00fdv\u00e1me se n\u00e1vrhy a v\u00fdrobou nejen m\u011bstsk\u00e9ho mobili\u00e1\u0159e.\" \/>\n<meta name=\"robots\" content=\"index, follow, max-snippet:-1, max-image-preview:large, max-video-preview:-1\" \/>\n<link rel=\"canonical\" href=\"https:\/\/www.urban-furniture.cz\/\" \/>\n<meta property=\"og:locale\" content=\"cs_CZ\" \/>\n<meta property=\"og:type\" content=\"article\" \/>\n<meta property=\"og:title\" content=\"V\u00cdTEJTE &bull; Urban-furniture\" \/>\n<meta property=\"og:description\" content=\"Zab\u00fdv\u00e1me se n\u00e1vrhy a v\u00fdrobou nejen m\u011bstsk\u00e9ho mobili\u00e1\u0159e.\" \/>\n<meta property=\"og:url\" content=\"https:\/\/www.urban-furniture.cz\/\" \/>\n<meta property=\"og:site_name\" content=\"Urban-furniture\" \/>\n<meta property=\"article:publisher\" content=\"https:\/\/www.facebook.com\/urbanfurniturefuture\/\" \/>\n<meta property=\"article:modified_time\" content=\"2025-04-06T19:50:59+00:00\" \/>\n<meta name=\"twitter:card\" content=\"summary_large_image\" \/>\n<meta name=\"twitter:label1\" content=\"Odhadovan\u00e1 doba \u010dten\u00ed\" \/>\n\t<meta name=\"twitter:data1\" content=\"1 minuta\" \/>\n<script type=\"application\/ld+json\" class=\"yoast-schema-graph\">{\"@context\":\"https:\/\/schema.org\",\"@graph\":[{\"@type\":\"WebPage\",\"@id\":\"https:\/\/www.urban-furniture.cz\/\",\"url\":\"https:\/\/www.urban-furniture.cz\/\",\"name\":\"V\u00cdTEJTE &bull; Urban-furniture\",\"isPartOf\":{\"@id\":\"https:\/\/www.urban-furniture.cz\/#website\"},\"datePublished\":\"2018-08-07T05:57:48+00:00\",\"dateModified\":\"2025-04-06T19:50:59+00:00\",\"description\":\"Zab\u00fdv\u00e1me se n\u00e1vrhy a v\u00fdrobou nejen m\u011bstsk\u00e9ho mobili\u00e1\u0159e.\",\"breadcrumb\":{\"@id\":\"https:\/\/www.urban-furniture.cz\/#breadcrumb\"},\"inLanguage\":\"cs\",\"potentialAction\":[{\"@type\":\"ReadAction\",\"target\":[\"https:\/\/www.urban-furniture.cz\/\"]}]},{\"@type\":\"BreadcrumbList\",\"@id\":\"https:\/\/www.urban-furniture.cz\/#breadcrumb\",\"itemListElement\":[{\"@type\":\"ListItem\",\"position\":1,\"name\":\"Dom\u016f\",\"item\":\"https:\/\/www.urban-furniture.cz\/\"},{\"@type\":\"ListItem\",\"position\":2,\"name\":\"V\u00cdTEJTE\"}]},{\"@type\":\"WebSite\",\"@id\":\"https:\/\/www.urban-furniture.cz\/#website\",\"url\":\"https:\/\/www.urban-furniture.cz\/\",\"name\":\"M\u011bstsk\u00fd mobili\u00e1\u0159\",\"description\":\"m\u011bstsk\u00fd mobili\u00e1\u0159 na m\u00edru\",\"publisher\":{\"@id\":\"https:\/\/www.urban-furniture.cz\/#organization\"},\"potentialAction\":[{\"@type\":\"SearchAction\",\"target\":{\"@type\":\"EntryPoint\",\"urlTemplate\":\"https:\/\/www.urban-furniture.cz\/?s={search_term_string}\"},\"query-input\":\"required name=search_term_string\"}],\"inLanguage\":\"cs\"},{\"@type\":\"Organization\",\"@id\":\"https:\/\/www.urban-furniture.cz\/#organization\",\"name\":\"Urban-furniture s.r.o.\",\"url\":\"https:\/\/www.urban-furniture.cz\/\",\"logo\":{\"@type\":\"ImageObject\",\"inLanguage\":\"cs\",\"@id\":\"https:\/\/www.urban-furniture.cz\/#\/schema\/logo\/image\/\",\"url\":\"https:\/\/www.urban-furniture.cz\/wp-content\/uploads\/2018\/08\/logo-urban.png\",\"contentUrl\":\"https:\/\/www.urban-furniture.cz\/wp-content\/uploads\/2018\/08\/logo-urban.png\",\"width\":1215,\"height\":413,\"caption\":\"Urban-furniture s.r.o.\"},\"image\":{\"@id\":\"https:\/\/www.urban-furniture.cz\/#\/schema\/logo\/image\/\"},\"sameAs\":[\"https:\/\/www.facebook.com\/urbanfurniturefuture\/\"]}]}<\/script>\n<!-- \/ Yoast SEO plugin. -->","yoast_head_json":{"title":"V\u00cdTEJTE &bull; Urban-furniture","description":"Zab\u00fdv\u00e1me se n\u00e1vrhy a v\u00fdrobou nejen m\u011bstsk\u00e9ho mobili\u00e1\u0159e.","robots":{"index":"index","follow":"follow","max-snippet":"max-snippet:-1","max-image-preview":"max-image-preview:large","max-video-preview":"max-video-preview:-1"},"canonical":"https:\/\/www.urban-furniture.cz\/","og_locale":"cs_CZ","og_type":"article","og_title":"V\u00cdTEJTE &bull; Urban-furniture","og_description":"Zab\u00fdv\u00e1me se n\u00e1vrhy a v\u00fdrobou nejen m\u011bstsk\u00e9ho mobili\u00e1\u0159e.","og_url":"https:\/\/www.urban-furniture.cz\/","og_site_name":"Urban-furniture","article_publisher":"https:\/\/www.facebook.com\/urbanfurniturefuture\/","article_modified_time":"2025-04-06T19:50:59+00:00","twitter_card":"summary_large_image","twitter_misc":{"Odhadovan\u00e1 doba \u010dten\u00ed":"1 minuta"},"schema":{"@context":"https:\/\/schema.org","@graph":[{"@type":"WebPage","@id":"https:\/\/www.urban-furniture.cz\/","url":"https:\/\/www.urban-furniture.cz\/","name":"V\u00cdTEJTE &bull; Urban-furniture","isPartOf":{"@id":"https:\/\/www.urban-furniture.cz\/#website"},"datePublished":"2018-08-07T05:57:48+00:00","dateModified":"2025-04-06T19:50:59+00:00","description":"Zab\u00fdv\u00e1me se n\u00e1vrhy a v\u00fdrobou nejen m\u011bstsk\u00e9ho mobili\u00e1\u0159e.","breadcrumb":{"@id":"https:\/\/www.urban-furniture.cz\/#breadcrumb"},"inLanguage":"cs","potentialAction":[{"@type":"ReadAction","target":["https:\/\/www.urban-furniture.cz\/"]}]},{"@type":"BreadcrumbList","@id":"https:\/\/www.urban-furniture.cz\/#breadcrumb","itemListElement":[{"@type":"ListItem","position":1,"name":"Dom\u016f","item":"https:\/\/www.urban-furniture.cz\/"},{"@type":"ListItem","position":2,"name":"V\u00cdTEJTE"}]},{"@type":"WebSite","@id":"https:\/\/www.urban-furniture.cz\/#website","url":"https:\/\/www.urban-furniture.cz\/","name":"M\u011bstsk\u00fd mobili\u00e1\u0159","description":"m\u011bstsk\u00fd mobili\u00e1\u0159 na m\u00edru","publisher":{"@id":"https:\/\/www.urban-furniture.cz\/#organization"},"potentialAction":[{"@type":"SearchAction","target":{"@type":"EntryPoint","urlTemplate":"https:\/\/www.urban-furniture.cz\/?s={search_term_string}"},"query-input":"required name=search_term_string"}],"inLanguage":"cs"},{"@type":"Organization","@id":"https:\/\/www.urban-furniture.cz\/#organization","name":"Urban-furniture s.r.o.","url":"https:\/\/www.urban-furniture.cz\/","logo":{"@type":"ImageObject","inLanguage":"cs","@id":"https:\/\/www.urban-furniture.cz\/#\/schema\/logo\/image\/","url":"https:\/\/www.urban-furniture.cz\/wp-content\/uploads\/2018\/08\/logo-urban.png","contentUrl":"https:\/\/www.urban-furniture.cz\/wp-content\/uploads\/2018\/08\/logo-urban.png","width":1215,"height":413,"caption":"Urban-furniture s.r.o."},"image":{"@id":"https:\/\/www.urban-furniture.cz\/#\/schema\/logo\/image\/"},"sameAs":["https:\/\/www.facebook.com\/urbanfurniturefuture\/"]}]}},"_links":{"self":[{"href":"https:\/\/www.urban-furniture.cz\/index.php\/wp-json\/wp\/v2\/pages\/7"}],"collection":[{"href":"https:\/\/www.urban-furniture.cz\/index.php\/wp-json\/wp\/v2\/pages"}],"about":[{"href":"https:\/\/www.urban-furniture.cz\/index.php\/wp-json\/wp\/v2\/types\/page"}],"author":[{"embeddable":true,"href":"https:\/\/www.urban-furniture.cz\/index.php\/wp-json\/wp\/v2\/users\/1"}],"replies":[{"embeddable":true,"href":"https:\/\/www.urban-furniture.cz\/index.php\/wp-json\/wp\/v2\/comments?post=7"}],"version-history":[{"count":12,"href":"https:\/\/www.urban-furniture.cz\/index.php\/wp-json\/wp\/v2\/pages\/7\/revisions"}],"predecessor-version":[{"id":2053,"href":"https:\/\/www.urban-furniture.cz\/index.php\/wp-json\/wp\/v2\/pages\/7\/revisions\/2053"}],"wp:attachment":[{"href":"https:\/\/www.urban-furniture.cz\/index.php\/wp-json\/wp\/v2\/media?parent=7"}],"curies":[{"name":"wp","href":"https:\/\/api.w.org\/{rel}","templated":true}]}}