{"id":1729,"date":"2021-02-16T11:39:55","date_gmt":"2021-02-16T11:39:55","guid":{"rendered":"http:\/\/www.urban-furniture.cz\/?page_id=1729"},"modified":"2021-02-16T13:33:47","modified_gmt":"2021-02-16T13:33:47","slug":"odpadkovy-kos-monza","status":"publish","type":"page","link":"https:\/\/www.urban-furniture.cz\/index.php\/odpadkovy-kos-monza\/","title":{"rendered":"Odpadkov\u00fd ko\u0161 Monza"},"content":{"rendered":"\n<p>\u010d. prod.: 3030-0020<\/p>\n\n\n\n<figure class=\"wp-block-table\"><table><tbody><tr><td><img decoding=\"async\" loading=\"lazy\" width=\"635\" height=\"535\" class=\"wp-image-1733\" src=\"http:\/\/www.urban-furniture.cz\/wp-content\/uploads\/2021\/02\/ko\u0161-Monza-1.png\" alt=\"\" style=\"width: 1500px;\" srcset=\"https:\/\/www.urban-furniture.cz\/wp-content\/uploads\/2021\/02\/ko\u0161-Monza-1.png 635w, https:\/\/www.urban-furniture.cz\/wp-content\/uploads\/2021\/02\/ko\u0161-Monza-1-300x253.png 300w, https:\/\/www.urban-furniture.cz\/wp-content\/uploads\/2021\/02\/ko\u0161-Monza-1-24x20.png 24w, https:\/\/www.urban-furniture.cz\/wp-content\/uploads\/2021\/02\/ko\u0161-Monza-1-36x30.png 36w, https:\/\/www.urban-furniture.cz\/wp-content\/uploads\/2021\/02\/ko\u0161-Monza-1-48x40.png 48w\" sizes=\"(max-width: 635px) 100vw, 635px\" \/><\/td><td>Elegantn\u011b modern\u00ed interi\u00e9rov\u00fd odpadkov\u00fd ko\u0161 na odpadkov\u00e9 pytle s p\u0159edn\u00edm vyprazd\u0148ov\u00e1n\u00edm vyroben\u00fd z pr\u00e1\u0161kov\u011b lakovan\u00e9 oceli a oh\u00fdban\u00e9 p\u0159ekli\u017eky.<br>\u25cf objem: cca. 50 l<\/td><\/tr><\/tbody><\/table><\/figure>\n\n\n\n<figure class=\"wp-block-table\"><table class=\"has-fixed-layout\"><tbody><tr><td class=\"has-text-align-center\" data-align=\"center\"><img decoding=\"async\" loading=\"lazy\" width=\"1280\" height=\"724\" class=\"wp-image-1730\" src=\"http:\/\/www.urban-furniture.cz\/wp-content\/uploads\/2021\/02\/39-Monza-front.jpg\" alt=\"\" style=\"width: 500px;\" srcset=\"https:\/\/www.urban-furniture.cz\/wp-content\/uploads\/2021\/02\/39-Monza-front.jpg 1280w, https:\/\/www.urban-furniture.cz\/wp-content\/uploads\/2021\/02\/39-Monza-front-300x170.jpg 300w, https:\/\/www.urban-furniture.cz\/wp-content\/uploads\/2021\/02\/39-Monza-front-1024x579.jpg 1024w, https:\/\/www.urban-furniture.cz\/wp-content\/uploads\/2021\/02\/39-Monza-front-768x434.jpg 768w, https:\/\/www.urban-furniture.cz\/wp-content\/uploads\/2021\/02\/39-Monza-front-24x14.jpg 24w, https:\/\/www.urban-furniture.cz\/wp-content\/uploads\/2021\/02\/39-Monza-front-36x20.jpg 36w, https:\/\/www.urban-furniture.cz\/wp-content\/uploads\/2021\/02\/39-Monza-front-48x27.jpg 48w\" sizes=\"(max-width: 706px) 89vw, (max-width: 767px) 82vw, 740px\" \/><\/td><td class=\"has-text-align-center\" data-align=\"center\"><img decoding=\"async\" loading=\"lazy\" width=\"1280\" height=\"724\" class=\"wp-image-1732\" src=\"http:\/\/www.urban-furniture.cz\/wp-content\/uploads\/2021\/02\/39-Monza-top.jpg\" alt=\"\" style=\"width: 100px;\" srcset=\"https:\/\/www.urban-furniture.cz\/wp-content\/uploads\/2021\/02\/39-Monza-top.jpg 1280w, https:\/\/www.urban-furniture.cz\/wp-content\/uploads\/2021\/02\/39-Monza-top-300x170.jpg 300w, https:\/\/www.urban-furniture.cz\/wp-content\/uploads\/2021\/02\/39-Monza-top-1024x579.jpg 1024w, https:\/\/www.urban-furniture.cz\/wp-content\/uploads\/2021\/02\/39-Monza-top-768x434.jpg 768w, https:\/\/www.urban-furniture.cz\/wp-content\/uploads\/2021\/02\/39-Monza-top-24x14.jpg 24w, https:\/\/www.urban-furniture.cz\/wp-content\/uploads\/2021\/02\/39-Monza-top-36x20.jpg 36w, https:\/\/www.urban-furniture.cz\/wp-content\/uploads\/2021\/02\/39-Monza-top-48x27.jpg 48w\" sizes=\"(max-width: 706px) 89vw, (max-width: 767px) 82vw, 740px\" \/><\/td><td class=\"has-text-align-center\" data-align=\"center\"><img decoding=\"async\" loading=\"lazy\" width=\"1280\" height=\"724\" class=\"wp-image-1731\" src=\"http:\/\/www.urban-furniture.cz\/wp-content\/uploads\/2021\/02\/39-Monza-left.jpg\" alt=\"\" style=\"width: 500px;\" srcset=\"https:\/\/www.urban-furniture.cz\/wp-content\/uploads\/2021\/02\/39-Monza-left.jpg 1280w, https:\/\/www.urban-furniture.cz\/wp-content\/uploads\/2021\/02\/39-Monza-left-300x170.jpg 300w, https:\/\/www.urban-furniture.cz\/wp-content\/uploads\/2021\/02\/39-Monza-left-1024x579.jpg 1024w, https:\/\/www.urban-furniture.cz\/wp-content\/uploads\/2021\/02\/39-Monza-left-768x434.jpg 768w, https:\/\/www.urban-furniture.cz\/wp-content\/uploads\/2021\/02\/39-Monza-left-24x14.jpg 24w, https:\/\/www.urban-furniture.cz\/wp-content\/uploads\/2021\/02\/39-Monza-left-36x20.jpg 36w, https:\/\/www.urban-furniture.cz\/wp-content\/uploads\/2021\/02\/39-Monza-left-48x27.jpg 48w\" sizes=\"(max-width: 706px) 89vw, (max-width: 767px) 82vw, 740px\" \/><\/td><\/tr><tr><td class=\"has-text-align-center\" data-align=\"center\">P\u0158EDN\u00cd POHLED<\/td><td class=\"has-text-align-center\" data-align=\"center\">HORN\u00cd POHLED<\/td><td class=\"has-text-align-center\" data-align=\"center\">BO\u010cN\u00cd POHLED<\/td><\/tr><tr><td class=\"has-text-align-center\" data-align=\"center\"><strong>v\u00fd\u0161ka:<\/strong> <em>865 mm<\/em><\/td><td class=\"has-text-align-center\" data-align=\"center\"><strong>d\u00e9lka:<\/strong> <em>350 mm<\/em><\/td><td class=\"has-text-align-center\" data-align=\"center\"><strong>\u0161\u00ed\u0159ka:<\/strong> <em>390 mm<\/em><\/td><\/tr><\/tbody><\/table><figcaption><strong>Pozn\u00e1mka:<\/strong> Bez m\u011b\u0159\u00edtka.<\/figcaption><\/figure>\n\n\n\n<figure class=\"wp-block-table\"><table><tbody><tr><td><strong>Ke sta\u017een\u00ed<\/strong><\/td><td><\/td><\/tr><tr><td>Katalogov\u00fd list \u25bf<\/td><td>00 MB<\/td><\/tr><tr><td>Instala\u010dn\u00ed manu\u00e1l \u25bf<\/td><td>00 MB<\/td><\/tr><tr><td>Katalog \u25bf<\/td><td>00 MB<\/td><\/tr><tr><td><\/td><td><\/td><\/tr><tr><td><strong>Dotaz k produktu \u270e<\/strong><\/td><td><\/td><\/tr><\/tbody><\/table><\/figure>\n\n\n\n\n<div class=\"wpcf7 no-js\" id=\"wpcf7-f666-o1\" lang=\"cs-CZ\" dir=\"ltr\">\n<div class=\"screen-reader-response\"><p role=\"status\" aria-live=\"polite\" aria-atomic=\"true\"><\/p> <ul><\/ul><\/div>\n<form action=\"\/index.php\/wp-json\/wp\/v2\/pages\/1729#wpcf7-f666-o1\" method=\"post\" class=\"wpcf7-form init\" aria-label=\"Kontaktn\u00ed formul\u00e1\u0159\" novalidate=\"novalidate\" data-status=\"init\">\n<div style=\"display: none;\">\n<input type=\"hidden\" name=\"_wpcf7\" value=\"666\" \/>\n<input type=\"hidden\" name=\"_wpcf7_version\" value=\"5.7.4\" \/>\n<input type=\"hidden\" name=\"_wpcf7_locale\" value=\"cs_CZ\" \/>\n<input type=\"hidden\" name=\"_wpcf7_unit_tag\" value=\"wpcf7-f666-o1\" \/>\n<input type=\"hidden\" name=\"_wpcf7_container_post\" value=\"0\" \/>\n<input type=\"hidden\" name=\"_wpcf7_posted_data_hash\" value=\"\" \/>\n<input type=\"hidden\" name=\"_wpcf7_recaptcha_response\" value=\"\" \/>\n<\/div>\n<p><label> Va\u0161e jm\u00e9no (vy\u017eadov\u00e1no)<br \/>\n<span class=\"wpcf7-form-control-wrap\" data-name=\"your-name\"><input size=\"40\" class=\"wpcf7-form-control wpcf7-text wpcf7-validates-as-required\" aria-required=\"true\" aria-invalid=\"false\" value=\"\" type=\"text\" name=\"your-name\" \/><\/span> <\/label>\n<\/p>\n<p><label> V\u00e1\u0161 e-mail (vy\u017eadov\u00e1no)<br \/>\n<span class=\"wpcf7-form-control-wrap\" data-name=\"your-email\"><input size=\"40\" class=\"wpcf7-form-control wpcf7-text wpcf7-email wpcf7-validates-as-required wpcf7-validates-as-email\" aria-required=\"true\" aria-invalid=\"false\" value=\"\" type=\"email\" name=\"your-email\" \/><\/span> <\/label>\n<\/p>\n<p><label> P\u0159edm\u011bt (vy\u017eadov\u00e1no)<br \/>\n<span class=\"wpcf7-form-control-wrap\" data-name=\"your-subject\"><input size=\"40\" class=\"wpcf7-form-control wpcf7-text wpcf7-validates-as-required\" aria-required=\"true\" aria-invalid=\"false\" value=\"\" type=\"text\" name=\"your-subject\" \/><\/span> <\/label>\n<\/p>\n<p><label> Telefonn\u00ed \u010d\u00edslo<br \/>\n<span class=\"wpcf7-form-control-wrap\" data-name=\"tel-453\"><input size=\"40\" class=\"wpcf7-form-control wpcf7-text wpcf7-tel wpcf7-validates-as-required wpcf7-validates-as-tel\" aria-required=\"true\" aria-invalid=\"false\" value=\"\" type=\"tel\" name=\"tel-453\" \/><\/span> <\/label>\n<\/p>\n<p><label> Va\u0161e zpr\u00e1va<br \/>\n<span class=\"wpcf7-form-control-wrap\" data-name=\"your-message\"><textarea cols=\"40\" rows=\"10\" class=\"wpcf7-form-control wpcf7-textarea\" aria-invalid=\"false\" name=\"your-message\"><\/textarea><\/span> <\/label>\n<\/p>\n<p><input class=\"wpcf7-form-control has-spinner wpcf7-submit\" type=\"submit\" value=\"Odeslat\" \/>\n<\/p><p style=\"display: none !important;\"><label>&#916;<textarea name=\"_wpcf7_ak_hp_textarea\" cols=\"45\" rows=\"8\" maxlength=\"100\"><\/textarea><\/label><input type=\"hidden\" id=\"ak_js_1\" name=\"_wpcf7_ak_js\" value=\"25\"\/><script>document.getElementById( \"ak_js_1\" ).setAttribute( \"value\", ( new Date() ).getTime() );<\/script><\/p><div class=\"wpcf7-response-output\" aria-hidden=\"true\"><\/div>\n<\/form>\n<\/div>\n\n\n\n\n<figure class=\"wp-block-table\"><table><tbody><tr><td>\u25c1\u25c1 <a href=\"https:\/\/www.urban-furniture.cz\/index.php\/interierove-odpadkove-kose\/\">ZP\u011aT<\/a><\/td><td><div class='printomatic pom-small-black ' id='id4878'  data-print_target='article'><\/div><\/td><\/tr><\/tbody><\/table><\/figure>\n\n\n\n<p><\/p>\n","protected":false},"excerpt":{"rendered":"<p>\u010d. prod.: 3030-0020 Elegantn\u011b modern\u00ed interi\u00e9rov\u00fd odpadkov\u00fd ko\u0161 na odpadkov\u00e9 pytle s p\u0159edn\u00edm vyprazd\u0148ov\u00e1n\u00edm vyroben\u00fd z pr\u00e1\u0161kov\u011b lakovan\u00e9 oceli a oh\u00fdban\u00e9 p\u0159ekli\u017eky.\u25cf objem: cca. 50 l P\u0158EDN\u00cd POHLED HORN\u00cd POHLED BO\u010cN\u00cd POHLED v\u00fd\u0161ka: 865 mm d\u00e9lka: 350 mm \u0161\u00ed\u0159ka: 390 mm Pozn\u00e1mka: Bez m\u011b\u0159\u00edtka. Ke sta\u017een\u00ed Katalogov\u00fd list \u25bf 00 MB Instala\u010dn\u00ed manu\u00e1l \u25bf 00 &hellip; <\/p>\n<p class=\"link-more\"><a href=\"https:\/\/www.urban-furniture.cz\/index.php\/odpadkovy-kos-monza\/\" class=\"more-link\">Pokra\u010dovat ve \u010dten\u00ed<span class=\"screen-reader-text\"> &#8220;Odpadkov\u00fd ko\u0161 Monza&#8221;<\/span><\/a><\/p>\n","protected":false},"author":1,"featured_media":0,"parent":0,"menu_order":0,"comment_status":"closed","ping_status":"closed","template":"","meta":{"content-type":""},"yoast_head":"<!-- This site is optimized with the Yoast SEO plugin v20.2.1 - https:\/\/yoast.com\/wordpress\/plugins\/seo\/ -->\n<title>Odpadkov\u00fd ko\u0161 Monza &bull; Urban-furniture<\/title>\n<meta name=\"robots\" content=\"index, follow, max-snippet:-1, max-image-preview:large, max-video-preview:-1\" \/>\n<link rel=\"canonical\" href=\"https:\/\/www.urban-furniture.cz\/index.php\/odpadkovy-kos-monza\/\" \/>\n<meta property=\"og:locale\" content=\"cs_CZ\" \/>\n<meta property=\"og:type\" content=\"article\" \/>\n<meta property=\"og:title\" content=\"Odpadkov\u00fd ko\u0161 Monza &bull; Urban-furniture\" \/>\n<meta property=\"og:description\" content=\"\u010d. prod.: 3030-0020 Elegantn\u011b modern\u00ed interi\u00e9rov\u00fd odpadkov\u00fd ko\u0161 na odpadkov\u00e9 pytle s p\u0159edn\u00edm vyprazd\u0148ov\u00e1n\u00edm vyroben\u00fd z pr\u00e1\u0161kov\u011b lakovan\u00e9 oceli a oh\u00fdban\u00e9 p\u0159ekli\u017eky.\u25cf objem: cca. 50 l P\u0158EDN\u00cd POHLED HORN\u00cd POHLED BO\u010cN\u00cd POHLED v\u00fd\u0161ka: 865 mm d\u00e9lka: 350 mm \u0161\u00ed\u0159ka: 390 mm Pozn\u00e1mka: Bez m\u011b\u0159\u00edtka. Ke sta\u017een\u00ed Katalogov\u00fd list \u25bf 00 MB Instala\u010dn\u00ed manu\u00e1l \u25bf 00 &hellip; Pokra\u010dovat ve \u010dten\u00ed &quot;Odpadkov\u00fd ko\u0161 Monza&quot;\" \/>\n<meta property=\"og:url\" content=\"https:\/\/www.urban-furniture.cz\/index.php\/odpadkovy-kos-monza\/\" \/>\n<meta property=\"og:site_name\" content=\"Urban-furniture\" \/>\n<meta property=\"article:publisher\" content=\"https:\/\/www.facebook.com\/urbanfurniturefuture\/\" \/>\n<meta property=\"article:modified_time\" content=\"2021-02-16T13:33:47+00:00\" \/>\n<meta property=\"og:image\" content=\"http:\/\/www.urban-furniture.cz\/wp-content\/uploads\/2021\/02\/ko\u0161-Monza-1.png\" \/>\n<meta name=\"twitter:card\" content=\"summary_large_image\" \/>\n<script type=\"application\/ld+json\" class=\"yoast-schema-graph\">{\"@context\":\"https:\/\/schema.org\",\"@graph\":[{\"@type\":\"WebPage\",\"@id\":\"https:\/\/www.urban-furniture.cz\/index.php\/odpadkovy-kos-monza\/\",\"url\":\"https:\/\/www.urban-furniture.cz\/index.php\/odpadkovy-kos-monza\/\",\"name\":\"Odpadkov\u00fd ko\u0161 Monza &bull; Urban-furniture\",\"isPartOf\":{\"@id\":\"https:\/\/www.urban-furniture.cz\/#website\"},\"datePublished\":\"2021-02-16T11:39:55+00:00\",\"dateModified\":\"2021-02-16T13:33:47+00:00\",\"breadcrumb\":{\"@id\":\"https:\/\/www.urban-furniture.cz\/index.php\/odpadkovy-kos-monza\/#breadcrumb\"},\"inLanguage\":\"cs\",\"potentialAction\":[{\"@type\":\"ReadAction\",\"target\":[\"https:\/\/www.urban-furniture.cz\/index.php\/odpadkovy-kos-monza\/\"]}]},{\"@type\":\"BreadcrumbList\",\"@id\":\"https:\/\/www.urban-furniture.cz\/index.php\/odpadkovy-kos-monza\/#breadcrumb\",\"itemListElement\":[{\"@type\":\"ListItem\",\"position\":1,\"name\":\"Dom\u016f\",\"item\":\"https:\/\/www.urban-furniture.cz\/\"},{\"@type\":\"ListItem\",\"position\":2,\"name\":\"Odpadkov\u00fd ko\u0161 Monza\"}]},{\"@type\":\"WebSite\",\"@id\":\"https:\/\/www.urban-furniture.cz\/#website\",\"url\":\"https:\/\/www.urban-furniture.cz\/\",\"name\":\"M\u011bstsk\u00fd mobili\u00e1\u0159\",\"description\":\"m\u011bstsk\u00fd mobili\u00e1\u0159 na m\u00edru\",\"publisher\":{\"@id\":\"https:\/\/www.urban-furniture.cz\/#organization\"},\"potentialAction\":[{\"@type\":\"SearchAction\",\"target\":{\"@type\":\"EntryPoint\",\"urlTemplate\":\"https:\/\/www.urban-furniture.cz\/?s={search_term_string}\"},\"query-input\":\"required name=search_term_string\"}],\"inLanguage\":\"cs\"},{\"@type\":\"Organization\",\"@id\":\"https:\/\/www.urban-furniture.cz\/#organization\",\"name\":\"Urban-furniture s.r.o.\",\"url\":\"https:\/\/www.urban-furniture.cz\/\",\"logo\":{\"@type\":\"ImageObject\",\"inLanguage\":\"cs\",\"@id\":\"https:\/\/www.urban-furniture.cz\/#\/schema\/logo\/image\/\",\"url\":\"https:\/\/www.urban-furniture.cz\/wp-content\/uploads\/2018\/08\/logo-urban.png\",\"contentUrl\":\"https:\/\/www.urban-furniture.cz\/wp-content\/uploads\/2018\/08\/logo-urban.png\",\"width\":1215,\"height\":413,\"caption\":\"Urban-furniture s.r.o.\"},\"image\":{\"@id\":\"https:\/\/www.urban-furniture.cz\/#\/schema\/logo\/image\/\"},\"sameAs\":[\"https:\/\/www.facebook.com\/urbanfurniturefuture\/\"]}]}<\/script>\n<!-- \/ Yoast SEO plugin. -->","yoast_head_json":{"title":"Odpadkov\u00fd ko\u0161 Monza &bull; Urban-furniture","robots":{"index":"index","follow":"follow","max-snippet":"max-snippet:-1","max-image-preview":"max-image-preview:large","max-video-preview":"max-video-preview:-1"},"canonical":"https:\/\/www.urban-furniture.cz\/index.php\/odpadkovy-kos-monza\/","og_locale":"cs_CZ","og_type":"article","og_title":"Odpadkov\u00fd ko\u0161 Monza &bull; Urban-furniture","og_description":"\u010d. prod.: 3030-0020 Elegantn\u011b modern\u00ed interi\u00e9rov\u00fd odpadkov\u00fd ko\u0161 na odpadkov\u00e9 pytle s p\u0159edn\u00edm vyprazd\u0148ov\u00e1n\u00edm vyroben\u00fd z pr\u00e1\u0161kov\u011b lakovan\u00e9 oceli a oh\u00fdban\u00e9 p\u0159ekli\u017eky.\u25cf objem: cca. 50 l P\u0158EDN\u00cd POHLED HORN\u00cd POHLED BO\u010cN\u00cd POHLED v\u00fd\u0161ka: 865 mm d\u00e9lka: 350 mm \u0161\u00ed\u0159ka: 390 mm Pozn\u00e1mka: Bez m\u011b\u0159\u00edtka. Ke sta\u017een\u00ed Katalogov\u00fd list \u25bf 00 MB Instala\u010dn\u00ed manu\u00e1l \u25bf 00 &hellip; Pokra\u010dovat ve \u010dten\u00ed \"Odpadkov\u00fd ko\u0161 Monza\"","og_url":"https:\/\/www.urban-furniture.cz\/index.php\/odpadkovy-kos-monza\/","og_site_name":"Urban-furniture","article_publisher":"https:\/\/www.facebook.com\/urbanfurniturefuture\/","article_modified_time":"2021-02-16T13:33:47+00:00","og_image":[{"url":"http:\/\/www.urban-furniture.cz\/wp-content\/uploads\/2021\/02\/ko\u0161-Monza-1.png"}],"twitter_card":"summary_large_image","schema":{"@context":"https:\/\/schema.org","@graph":[{"@type":"WebPage","@id":"https:\/\/www.urban-furniture.cz\/index.php\/odpadkovy-kos-monza\/","url":"https:\/\/www.urban-furniture.cz\/index.php\/odpadkovy-kos-monza\/","name":"Odpadkov\u00fd ko\u0161 Monza &bull; Urban-furniture","isPartOf":{"@id":"https:\/\/www.urban-furniture.cz\/#website"},"datePublished":"2021-02-16T11:39:55+00:00","dateModified":"2021-02-16T13:33:47+00:00","breadcrumb":{"@id":"https:\/\/www.urban-furniture.cz\/index.php\/odpadkovy-kos-monza\/#breadcrumb"},"inLanguage":"cs","potentialAction":[{"@type":"ReadAction","target":["https:\/\/www.urban-furniture.cz\/index.php\/odpadkovy-kos-monza\/"]}]},{"@type":"BreadcrumbList","@id":"https:\/\/www.urban-furniture.cz\/index.php\/odpadkovy-kos-monza\/#breadcrumb","itemListElement":[{"@type":"ListItem","position":1,"name":"Dom\u016f","item":"https:\/\/www.urban-furniture.cz\/"},{"@type":"ListItem","position":2,"name":"Odpadkov\u00fd ko\u0161 Monza"}]},{"@type":"WebSite","@id":"https:\/\/www.urban-furniture.cz\/#website","url":"https:\/\/www.urban-furniture.cz\/","name":"M\u011bstsk\u00fd mobili\u00e1\u0159","description":"m\u011bstsk\u00fd mobili\u00e1\u0159 na m\u00edru","publisher":{"@id":"https:\/\/www.urban-furniture.cz\/#organization"},"potentialAction":[{"@type":"SearchAction","target":{"@type":"EntryPoint","urlTemplate":"https:\/\/www.urban-furniture.cz\/?s={search_term_string}"},"query-input":"required name=search_term_string"}],"inLanguage":"cs"},{"@type":"Organization","@id":"https:\/\/www.urban-furniture.cz\/#organization","name":"Urban-furniture s.r.o.","url":"https:\/\/www.urban-furniture.cz\/","logo":{"@type":"ImageObject","inLanguage":"cs","@id":"https:\/\/www.urban-furniture.cz\/#\/schema\/logo\/image\/","url":"https:\/\/www.urban-furniture.cz\/wp-content\/uploads\/2018\/08\/logo-urban.png","contentUrl":"https:\/\/www.urban-furniture.cz\/wp-content\/uploads\/2018\/08\/logo-urban.png","width":1215,"height":413,"caption":"Urban-furniture s.r.o."},"image":{"@id":"https:\/\/www.urban-furniture.cz\/#\/schema\/logo\/image\/"},"sameAs":["https:\/\/www.facebook.com\/urbanfurniturefuture\/"]}]}},"_links":{"self":[{"href":"https:\/\/www.urban-furniture.cz\/index.php\/wp-json\/wp\/v2\/pages\/1729"}],"collection":[{"href":"https:\/\/www.urban-furniture.cz\/index.php\/wp-json\/wp\/v2\/pages"}],"about":[{"href":"https:\/\/www.urban-furniture.cz\/index.php\/wp-json\/wp\/v2\/types\/page"}],"author":[{"embeddable":true,"href":"https:\/\/www.urban-furniture.cz\/index.php\/wp-json\/wp\/v2\/users\/1"}],"replies":[{"embeddable":true,"href":"https:\/\/www.urban-furniture.cz\/index.php\/wp-json\/wp\/v2\/comments?post=1729"}],"version-history":[{"count":3,"href":"https:\/\/www.urban-furniture.cz\/index.php\/wp-json\/wp\/v2\/pages\/1729\/revisions"}],"predecessor-version":[{"id":1764,"href":"https:\/\/www.urban-furniture.cz\/index.php\/wp-json\/wp\/v2\/pages\/1729\/revisions\/1764"}],"wp:attachment":[{"href":"https:\/\/www.urban-furniture.cz\/index.php\/wp-json\/wp\/v2\/media?parent=1729"}],"curies":[{"name":"wp","href":"https:\/\/api.w.org\/{rel}","templated":true}]}}