{"id":1711,"date":"2021-02-16T10:57:36","date_gmt":"2021-02-16T10:57:36","guid":{"rendered":"http:\/\/www.urban-furniture.cz\/?page_id=1711"},"modified":"2021-02-16T11:43:24","modified_gmt":"2021-02-16T11:43:24","slug":"interierove-odpadkove-kose","status":"publish","type":"page","link":"https:\/\/www.urban-furniture.cz\/index.php\/interierove-odpadkove-kose\/","title":{"rendered":"Interi\u00e9rov\u00e9 odpadkov\u00e9 ko\u0161e"},"content":{"rendered":"\n<figure class=\"wp-block-table\"><table><tbody><tr><td><a href=\"https:\/\/www.urban-furniture.cz\/index.php\/odpadkovy-kos-salve\/\"><img decoding=\"async\" loading=\"lazy\" width=\"2400\" height=\"1159\" class=\"wp-image-1712\" src=\"http:\/\/www.urban-furniture.cz\/wp-content\/uploads\/2021\/02\/ko\u0161-Salve.png\" alt=\"\" style=\"width: 500px;\" srcset=\"https:\/\/www.urban-furniture.cz\/wp-content\/uploads\/2021\/02\/ko\u0161-Salve.png 2400w, https:\/\/www.urban-furniture.cz\/wp-content\/uploads\/2021\/02\/ko\u0161-Salve-300x145.png 300w, https:\/\/www.urban-furniture.cz\/wp-content\/uploads\/2021\/02\/ko\u0161-Salve-1024x495.png 1024w, https:\/\/www.urban-furniture.cz\/wp-content\/uploads\/2021\/02\/ko\u0161-Salve-768x371.png 768w, https:\/\/www.urban-furniture.cz\/wp-content\/uploads\/2021\/02\/ko\u0161-Salve-1536x742.png 1536w, https:\/\/www.urban-furniture.cz\/wp-content\/uploads\/2021\/02\/ko\u0161-Salve-2048x989.png 2048w, https:\/\/www.urban-furniture.cz\/wp-content\/uploads\/2021\/02\/ko\u0161-Salve-24x12.png 24w, https:\/\/www.urban-furniture.cz\/wp-content\/uploads\/2021\/02\/ko\u0161-Salve-36x17.png 36w, https:\/\/www.urban-furniture.cz\/wp-content\/uploads\/2021\/02\/ko\u0161-Salve-48x23.png 48w\" sizes=\"(max-width: 706px) 89vw, (max-width: 767px) 82vw, 740px\" \/><\/a><\/td><td><a href=\"https:\/\/www.urban-furniture.cz\/index.php\/odpadkovy-kos-monza\/\"><img decoding=\"async\" loading=\"lazy\" width=\"2400\" height=\"1159\" class=\"wp-image-1713\" src=\"http:\/\/www.urban-furniture.cz\/wp-content\/uploads\/2021\/02\/ko\u0161-Monza.png\" alt=\"\" style=\"width: 500px;\" srcset=\"https:\/\/www.urban-furniture.cz\/wp-content\/uploads\/2021\/02\/ko\u0161-Monza.png 2400w, https:\/\/www.urban-furniture.cz\/wp-content\/uploads\/2021\/02\/ko\u0161-Monza-300x145.png 300w, https:\/\/www.urban-furniture.cz\/wp-content\/uploads\/2021\/02\/ko\u0161-Monza-1024x495.png 1024w, https:\/\/www.urban-furniture.cz\/wp-content\/uploads\/2021\/02\/ko\u0161-Monza-768x371.png 768w, https:\/\/www.urban-furniture.cz\/wp-content\/uploads\/2021\/02\/ko\u0161-Monza-1536x742.png 1536w, https:\/\/www.urban-furniture.cz\/wp-content\/uploads\/2021\/02\/ko\u0161-Monza-2048x989.png 2048w, https:\/\/www.urban-furniture.cz\/wp-content\/uploads\/2021\/02\/ko\u0161-Monza-24x12.png 24w, https:\/\/www.urban-furniture.cz\/wp-content\/uploads\/2021\/02\/ko\u0161-Monza-36x17.png 36w, https:\/\/www.urban-furniture.cz\/wp-content\/uploads\/2021\/02\/ko\u0161-Monza-48x23.png 48w\" sizes=\"(max-width: 706px) 89vw, (max-width: 767px) 82vw, 740px\" \/><\/a><\/td><\/tr><tr><td><strong><a href=\"https:\/\/www.urban-furniture.cz\/index.php\/odpadkovy-kos-salve\/\">Odpadkov\u00fd ko\u0161 Salve<\/a><\/strong><br>\u010d. prod.: 3030-0030<\/td><td><strong><a href=\"https:\/\/www.urban-furniture.cz\/index.php\/odpadkovy-kos-monza\/\">Odpadkov\u00fd ko\u0161 Monza<\/a><\/strong><br>\u010d. prod.: 3030-0020<\/td><\/tr><tr><td><strong>rozm\u011bry v mm (\u0161, v, d):<\/strong> <em>424, 1060, 400<\/em><br><strong>materi\u00e1ly:<\/strong> <em>ocel<\/em><br><strong>povrchov\u00e1 \u00faprava:<\/strong> <em>pr\u00e1\u0161kov\u00fd lak<\/em><br><strong>objem:<\/strong> 120 l<br><strong>alternativy:<\/strong> <em>barva ocel. kce. dle p\u0159\u00e1n\u00ed investora<\/em><\/td><td><strong>rozm\u011bry v mm (<strong>\u0161, v, d<\/strong>):<\/strong> <em>390, 865, 350<\/em><br><strong>materi\u00e1ly:<\/strong> <em>ocel<\/em>, p\u0159ekli\u017eka<br><strong>povrchov\u00e1 \u00faprava:<\/strong> <em>pr\u00e1\u0161kov\u00fd lak, mo\u0159en\u00ed<\/em><br><strong>objem:<\/strong> 50 l<br><strong>alternativy:<\/strong> <em>barva ocel. kce. dle p\u0159\u00e1n\u00ed investora<\/em><\/td><\/tr><tr><td><strong><a href=\"https:\/\/www.urban-furniture.cz\/index.php\/odpadkovy-kos-salve\/\">Ke sta\u017een\u00ed<\/a> <\/strong>\u25bf<\/td><td><strong><a href=\"https:\/\/www.urban-furniture.cz\/index.php\/odpadkovy-kos-monza\/\">Ke sta\u017een\u00ed<\/a> <\/strong>\u25bf<\/td><\/tr><\/tbody><\/table><figcaption>\u25c1\u25c1 <a href=\"http:\/\/www.urban-furniture.cz\/index.php\/interierovy-nabytek-a-ostatni\/\">ZP\u011aT<\/a><\/figcaption><\/figure>\n","protected":false},"excerpt":{"rendered":"<p>Odpadkov\u00fd ko\u0161 Salve\u010d. prod.: 3030-0030 Odpadkov\u00fd ko\u0161 Monza\u010d. prod.: 3030-0020 rozm\u011bry v mm (\u0161, v, d): 424, 1060, 400materi\u00e1ly: ocelpovrchov\u00e1 \u00faprava: pr\u00e1\u0161kov\u00fd lakobjem: 120 lalternativy: barva ocel. kce. dle p\u0159\u00e1n\u00ed investora rozm\u011bry v mm (\u0161, v, d): 390, 865, 350materi\u00e1ly: ocel, p\u0159ekli\u017ekapovrchov\u00e1 \u00faprava: pr\u00e1\u0161kov\u00fd lak, mo\u0159en\u00edobjem: 50 lalternativy: barva ocel. kce. dle p\u0159\u00e1n\u00ed investora Ke &hellip; <\/p>\n<p class=\"link-more\"><a href=\"https:\/\/www.urban-furniture.cz\/index.php\/interierove-odpadkove-kose\/\" class=\"more-link\">Pokra\u010dovat ve \u010dten\u00ed<span class=\"screen-reader-text\"> &#8220;Interi\u00e9rov\u00e9 odpadkov\u00e9 ko\u0161e&#8221;<\/span><\/a><\/p>\n","protected":false},"author":1,"featured_media":0,"parent":0,"menu_order":0,"comment_status":"closed","ping_status":"closed","template":"","meta":{"content-type":""},"yoast_head":"<!-- This site is optimized with the Yoast SEO plugin v20.2.1 - https:\/\/yoast.com\/wordpress\/plugins\/seo\/ -->\n<title>Interi\u00e9rov\u00e9 odpadkov\u00e9 ko\u0161e &bull; Urban-furniture<\/title>\n<meta name=\"robots\" content=\"index, follow, max-snippet:-1, max-image-preview:large, max-video-preview:-1\" \/>\n<link rel=\"canonical\" href=\"https:\/\/www.urban-furniture.cz\/index.php\/interierove-odpadkove-kose\/\" \/>\n<meta property=\"og:locale\" content=\"cs_CZ\" \/>\n<meta property=\"og:type\" content=\"article\" \/>\n<meta property=\"og:title\" content=\"Interi\u00e9rov\u00e9 odpadkov\u00e9 ko\u0161e &bull; Urban-furniture\" \/>\n<meta property=\"og:description\" content=\"Odpadkov\u00fd ko\u0161 Salve\u010d. prod.: 3030-0030 Odpadkov\u00fd ko\u0161 Monza\u010d. prod.: 3030-0020 rozm\u011bry v mm (\u0161, v, d): 424, 1060, 400materi\u00e1ly: ocelpovrchov\u00e1 \u00faprava: pr\u00e1\u0161kov\u00fd lakobjem: 120 lalternativy: barva ocel. kce. dle p\u0159\u00e1n\u00ed investora rozm\u011bry v mm (\u0161, v, d): 390, 865, 350materi\u00e1ly: ocel, p\u0159ekli\u017ekapovrchov\u00e1 \u00faprava: pr\u00e1\u0161kov\u00fd lak, mo\u0159en\u00edobjem: 50 lalternativy: barva ocel. kce. dle p\u0159\u00e1n\u00ed investora Ke &hellip; Pokra\u010dovat ve \u010dten\u00ed &quot;Interi\u00e9rov\u00e9 odpadkov\u00e9 ko\u0161e&quot;\" \/>\n<meta property=\"og:url\" content=\"https:\/\/www.urban-furniture.cz\/index.php\/interierove-odpadkove-kose\/\" \/>\n<meta property=\"og:site_name\" content=\"Urban-furniture\" \/>\n<meta property=\"article:publisher\" content=\"https:\/\/www.facebook.com\/urbanfurniturefuture\/\" \/>\n<meta property=\"article:modified_time\" content=\"2021-02-16T11:43:24+00:00\" \/>\n<meta property=\"og:image\" content=\"http:\/\/www.urban-furniture.cz\/wp-content\/uploads\/2021\/02\/ko\u0161-Salve.png\" \/>\n<meta name=\"twitter:card\" content=\"summary_large_image\" \/>\n<script type=\"application\/ld+json\" class=\"yoast-schema-graph\">{\"@context\":\"https:\/\/schema.org\",\"@graph\":[{\"@type\":\"WebPage\",\"@id\":\"https:\/\/www.urban-furniture.cz\/index.php\/interierove-odpadkove-kose\/\",\"url\":\"https:\/\/www.urban-furniture.cz\/index.php\/interierove-odpadkove-kose\/\",\"name\":\"Interi\u00e9rov\u00e9 odpadkov\u00e9 ko\u0161e &bull; Urban-furniture\",\"isPartOf\":{\"@id\":\"https:\/\/www.urban-furniture.cz\/#website\"},\"datePublished\":\"2021-02-16T10:57:36+00:00\",\"dateModified\":\"2021-02-16T11:43:24+00:00\",\"breadcrumb\":{\"@id\":\"https:\/\/www.urban-furniture.cz\/index.php\/interierove-odpadkove-kose\/#breadcrumb\"},\"inLanguage\":\"cs\",\"potentialAction\":[{\"@type\":\"ReadAction\",\"target\":[\"https:\/\/www.urban-furniture.cz\/index.php\/interierove-odpadkove-kose\/\"]}]},{\"@type\":\"BreadcrumbList\",\"@id\":\"https:\/\/www.urban-furniture.cz\/index.php\/interierove-odpadkove-kose\/#breadcrumb\",\"itemListElement\":[{\"@type\":\"ListItem\",\"position\":1,\"name\":\"Dom\u016f\",\"item\":\"https:\/\/www.urban-furniture.cz\/\"},{\"@type\":\"ListItem\",\"position\":2,\"name\":\"Interi\u00e9rov\u00e9 odpadkov\u00e9 ko\u0161e\"}]},{\"@type\":\"WebSite\",\"@id\":\"https:\/\/www.urban-furniture.cz\/#website\",\"url\":\"https:\/\/www.urban-furniture.cz\/\",\"name\":\"M\u011bstsk\u00fd mobili\u00e1\u0159\",\"description\":\"m\u011bstsk\u00fd mobili\u00e1\u0159 na m\u00edru\",\"publisher\":{\"@id\":\"https:\/\/www.urban-furniture.cz\/#organization\"},\"potentialAction\":[{\"@type\":\"SearchAction\",\"target\":{\"@type\":\"EntryPoint\",\"urlTemplate\":\"https:\/\/www.urban-furniture.cz\/?s={search_term_string}\"},\"query-input\":\"required name=search_term_string\"}],\"inLanguage\":\"cs\"},{\"@type\":\"Organization\",\"@id\":\"https:\/\/www.urban-furniture.cz\/#organization\",\"name\":\"Urban-furniture s.r.o.\",\"url\":\"https:\/\/www.urban-furniture.cz\/\",\"logo\":{\"@type\":\"ImageObject\",\"inLanguage\":\"cs\",\"@id\":\"https:\/\/www.urban-furniture.cz\/#\/schema\/logo\/image\/\",\"url\":\"https:\/\/www.urban-furniture.cz\/wp-content\/uploads\/2018\/08\/logo-urban.png\",\"contentUrl\":\"https:\/\/www.urban-furniture.cz\/wp-content\/uploads\/2018\/08\/logo-urban.png\",\"width\":1215,\"height\":413,\"caption\":\"Urban-furniture s.r.o.\"},\"image\":{\"@id\":\"https:\/\/www.urban-furniture.cz\/#\/schema\/logo\/image\/\"},\"sameAs\":[\"https:\/\/www.facebook.com\/urbanfurniturefuture\/\"]}]}<\/script>\n<!-- \/ Yoast SEO plugin. -->","yoast_head_json":{"title":"Interi\u00e9rov\u00e9 odpadkov\u00e9 ko\u0161e &bull; Urban-furniture","robots":{"index":"index","follow":"follow","max-snippet":"max-snippet:-1","max-image-preview":"max-image-preview:large","max-video-preview":"max-video-preview:-1"},"canonical":"https:\/\/www.urban-furniture.cz\/index.php\/interierove-odpadkove-kose\/","og_locale":"cs_CZ","og_type":"article","og_title":"Interi\u00e9rov\u00e9 odpadkov\u00e9 ko\u0161e &bull; Urban-furniture","og_description":"Odpadkov\u00fd ko\u0161 Salve\u010d. prod.: 3030-0030 Odpadkov\u00fd ko\u0161 Monza\u010d. prod.: 3030-0020 rozm\u011bry v mm (\u0161, v, d): 424, 1060, 400materi\u00e1ly: ocelpovrchov\u00e1 \u00faprava: pr\u00e1\u0161kov\u00fd lakobjem: 120 lalternativy: barva ocel. kce. dle p\u0159\u00e1n\u00ed investora rozm\u011bry v mm (\u0161, v, d): 390, 865, 350materi\u00e1ly: ocel, p\u0159ekli\u017ekapovrchov\u00e1 \u00faprava: pr\u00e1\u0161kov\u00fd lak, mo\u0159en\u00edobjem: 50 lalternativy: barva ocel. kce. dle p\u0159\u00e1n\u00ed investora Ke &hellip; Pokra\u010dovat ve \u010dten\u00ed \"Interi\u00e9rov\u00e9 odpadkov\u00e9 ko\u0161e\"","og_url":"https:\/\/www.urban-furniture.cz\/index.php\/interierove-odpadkove-kose\/","og_site_name":"Urban-furniture","article_publisher":"https:\/\/www.facebook.com\/urbanfurniturefuture\/","article_modified_time":"2021-02-16T11:43:24+00:00","og_image":[{"url":"http:\/\/www.urban-furniture.cz\/wp-content\/uploads\/2021\/02\/ko\u0161-Salve.png"}],"twitter_card":"summary_large_image","schema":{"@context":"https:\/\/schema.org","@graph":[{"@type":"WebPage","@id":"https:\/\/www.urban-furniture.cz\/index.php\/interierove-odpadkove-kose\/","url":"https:\/\/www.urban-furniture.cz\/index.php\/interierove-odpadkove-kose\/","name":"Interi\u00e9rov\u00e9 odpadkov\u00e9 ko\u0161e &bull; Urban-furniture","isPartOf":{"@id":"https:\/\/www.urban-furniture.cz\/#website"},"datePublished":"2021-02-16T10:57:36+00:00","dateModified":"2021-02-16T11:43:24+00:00","breadcrumb":{"@id":"https:\/\/www.urban-furniture.cz\/index.php\/interierove-odpadkove-kose\/#breadcrumb"},"inLanguage":"cs","potentialAction":[{"@type":"ReadAction","target":["https:\/\/www.urban-furniture.cz\/index.php\/interierove-odpadkove-kose\/"]}]},{"@type":"BreadcrumbList","@id":"https:\/\/www.urban-furniture.cz\/index.php\/interierove-odpadkove-kose\/#breadcrumb","itemListElement":[{"@type":"ListItem","position":1,"name":"Dom\u016f","item":"https:\/\/www.urban-furniture.cz\/"},{"@type":"ListItem","position":2,"name":"Interi\u00e9rov\u00e9 odpadkov\u00e9 ko\u0161e"}]},{"@type":"WebSite","@id":"https:\/\/www.urban-furniture.cz\/#website","url":"https:\/\/www.urban-furniture.cz\/","name":"M\u011bstsk\u00fd mobili\u00e1\u0159","description":"m\u011bstsk\u00fd mobili\u00e1\u0159 na m\u00edru","publisher":{"@id":"https:\/\/www.urban-furniture.cz\/#organization"},"potentialAction":[{"@type":"SearchAction","target":{"@type":"EntryPoint","urlTemplate":"https:\/\/www.urban-furniture.cz\/?s={search_term_string}"},"query-input":"required name=search_term_string"}],"inLanguage":"cs"},{"@type":"Organization","@id":"https:\/\/www.urban-furniture.cz\/#organization","name":"Urban-furniture s.r.o.","url":"https:\/\/www.urban-furniture.cz\/","logo":{"@type":"ImageObject","inLanguage":"cs","@id":"https:\/\/www.urban-furniture.cz\/#\/schema\/logo\/image\/","url":"https:\/\/www.urban-furniture.cz\/wp-content\/uploads\/2018\/08\/logo-urban.png","contentUrl":"https:\/\/www.urban-furniture.cz\/wp-content\/uploads\/2018\/08\/logo-urban.png","width":1215,"height":413,"caption":"Urban-furniture s.r.o."},"image":{"@id":"https:\/\/www.urban-furniture.cz\/#\/schema\/logo\/image\/"},"sameAs":["https:\/\/www.facebook.com\/urbanfurniturefuture\/"]}]}},"_links":{"self":[{"href":"https:\/\/www.urban-furniture.cz\/index.php\/wp-json\/wp\/v2\/pages\/1711"}],"collection":[{"href":"https:\/\/www.urban-furniture.cz\/index.php\/wp-json\/wp\/v2\/pages"}],"about":[{"href":"https:\/\/www.urban-furniture.cz\/index.php\/wp-json\/wp\/v2\/types\/page"}],"author":[{"embeddable":true,"href":"https:\/\/www.urban-furniture.cz\/index.php\/wp-json\/wp\/v2\/users\/1"}],"replies":[{"embeddable":true,"href":"https:\/\/www.urban-furniture.cz\/index.php\/wp-json\/wp\/v2\/comments?post=1711"}],"version-history":[{"count":6,"href":"https:\/\/www.urban-furniture.cz\/index.php\/wp-json\/wp\/v2\/pages\/1711\/revisions"}],"predecessor-version":[{"id":1735,"href":"https:\/\/www.urban-furniture.cz\/index.php\/wp-json\/wp\/v2\/pages\/1711\/revisions\/1735"}],"wp:attachment":[{"href":"https:\/\/www.urban-furniture.cz\/index.php\/wp-json\/wp\/v2\/media?parent=1711"}],"curies":[{"name":"wp","href":"https:\/\/api.w.org\/{rel}","templated":true}]}}