{"id":1587,"date":"2021-02-15T18:58:14","date_gmt":"2021-02-15T18:58:14","guid":{"rendered":"http:\/\/www.urban-furniture.cz\/?page_id=1587"},"modified":"2021-02-15T18:58:15","modified_gmt":"2021-02-15T18:58:15","slug":"odpadkovy-kos-imola-2","status":"publish","type":"page","link":"https:\/\/www.urban-furniture.cz\/index.php\/odpadkovy-kos-imola-2\/","title":{"rendered":"Odpadkov\u00fd ko\u0161 Imola 2"},"content":{"rendered":"\n<figure class=\"wp-block-table\"><table><tbody><tr><td><img decoding=\"async\" loading=\"lazy\" width=\"379\" height=\"533\" class=\"wp-image-1592\" src=\"http:\/\/www.urban-furniture.cz\/wp-content\/uploads\/2021\/02\/47-ko\u0161e-Imola-2.png\" alt=\"\" style=\"width: 1000px;\" srcset=\"https:\/\/www.urban-furniture.cz\/wp-content\/uploads\/2021\/02\/47-ko\u0161e-Imola-2.png 379w, https:\/\/www.urban-furniture.cz\/wp-content\/uploads\/2021\/02\/47-ko\u0161e-Imola-2-213x300.png 213w, https:\/\/www.urban-furniture.cz\/wp-content\/uploads\/2021\/02\/47-ko\u0161e-Imola-2-17x24.png 17w, https:\/\/www.urban-furniture.cz\/wp-content\/uploads\/2021\/02\/47-ko\u0161e-Imola-2-26x36.png 26w, https:\/\/www.urban-furniture.cz\/wp-content\/uploads\/2021\/02\/47-ko\u0161e-Imola-2-34x48.png 34w\" sizes=\"(max-width: 379px) 100vw, 379px\" \/><\/td><td>Jednoduch\u00fd robustn\u00ed odpadkov\u00fd ko\u0161 vyroben\u00fd z galvanicky pozinkovan\u00e9 oceli. Ko\u0161 m\u016f\u017ee b\u00fdt uzp\u016fsoben pro odpadkov\u00e9 pytle nebo m\u016f\u017ee b\u00fdt opat\u0159en vnit\u0159n\u00ed n\u00e1dobou z galvanicky pozinkovan\u00e9 oceli. M\u016f\u017ee b\u00fdt opat\u0159en tak\u00e9 z\u00e1mkem.<\/td><\/tr><\/tbody><\/table><\/figure>\n\n\n\n<figure class=\"wp-block-table\"><table><tbody><tr><td class=\"has-text-align-center\" data-align=\"center\"><img decoding=\"async\" loading=\"lazy\" width=\"2400\" height=\"1159\" class=\"wp-image-1588\" src=\"http:\/\/www.urban-furniture.cz\/wp-content\/uploads\/2021\/02\/47-ko\u0161e-Imola-2-front.png\" alt=\"\" style=\"width: 500px;\" srcset=\"https:\/\/www.urban-furniture.cz\/wp-content\/uploads\/2021\/02\/47-ko\u0161e-Imola-2-front.png 2400w, https:\/\/www.urban-furniture.cz\/wp-content\/uploads\/2021\/02\/47-ko\u0161e-Imola-2-front-300x145.png 300w, https:\/\/www.urban-furniture.cz\/wp-content\/uploads\/2021\/02\/47-ko\u0161e-Imola-2-front-1024x495.png 1024w, https:\/\/www.urban-furniture.cz\/wp-content\/uploads\/2021\/02\/47-ko\u0161e-Imola-2-front-768x371.png 768w, https:\/\/www.urban-furniture.cz\/wp-content\/uploads\/2021\/02\/47-ko\u0161e-Imola-2-front-1536x742.png 1536w, https:\/\/www.urban-furniture.cz\/wp-content\/uploads\/2021\/02\/47-ko\u0161e-Imola-2-front-2048x989.png 2048w, https:\/\/www.urban-furniture.cz\/wp-content\/uploads\/2021\/02\/47-ko\u0161e-Imola-2-front-24x12.png 24w, https:\/\/www.urban-furniture.cz\/wp-content\/uploads\/2021\/02\/47-ko\u0161e-Imola-2-front-36x17.png 36w, https:\/\/www.urban-furniture.cz\/wp-content\/uploads\/2021\/02\/47-ko\u0161e-Imola-2-front-48x23.png 48w\" sizes=\"(max-width: 706px) 89vw, (max-width: 767px) 82vw, 740px\" \/><\/td><td class=\"has-text-align-center\" data-align=\"center\"><img decoding=\"async\" loading=\"lazy\" width=\"2400\" height=\"1159\" class=\"wp-image-1590\" src=\"http:\/\/www.urban-furniture.cz\/wp-content\/uploads\/2021\/02\/47-ko\u0161e-Imola-2-top.png\" alt=\"\" style=\"width: 500px;\" srcset=\"https:\/\/www.urban-furniture.cz\/wp-content\/uploads\/2021\/02\/47-ko\u0161e-Imola-2-top.png 2400w, https:\/\/www.urban-furniture.cz\/wp-content\/uploads\/2021\/02\/47-ko\u0161e-Imola-2-top-300x145.png 300w, https:\/\/www.urban-furniture.cz\/wp-content\/uploads\/2021\/02\/47-ko\u0161e-Imola-2-top-1024x495.png 1024w, https:\/\/www.urban-furniture.cz\/wp-content\/uploads\/2021\/02\/47-ko\u0161e-Imola-2-top-768x371.png 768w, https:\/\/www.urban-furniture.cz\/wp-content\/uploads\/2021\/02\/47-ko\u0161e-Imola-2-top-1536x742.png 1536w, https:\/\/www.urban-furniture.cz\/wp-content\/uploads\/2021\/02\/47-ko\u0161e-Imola-2-top-2048x989.png 2048w, https:\/\/www.urban-furniture.cz\/wp-content\/uploads\/2021\/02\/47-ko\u0161e-Imola-2-top-24x12.png 24w, https:\/\/www.urban-furniture.cz\/wp-content\/uploads\/2021\/02\/47-ko\u0161e-Imola-2-top-36x17.png 36w, https:\/\/www.urban-furniture.cz\/wp-content\/uploads\/2021\/02\/47-ko\u0161e-Imola-2-top-48x23.png 48w\" sizes=\"(max-width: 706px) 89vw, (max-width: 767px) 82vw, 740px\" \/><\/td><td class=\"has-text-align-center\" data-align=\"center\"><img decoding=\"async\" loading=\"lazy\" width=\"2400\" height=\"1159\" class=\"wp-image-1589\" src=\"http:\/\/www.urban-furniture.cz\/wp-content\/uploads\/2021\/02\/47-ko\u0161e-Imola-2-left.png\" alt=\"\" style=\"width: 500px;\" srcset=\"https:\/\/www.urban-furniture.cz\/wp-content\/uploads\/2021\/02\/47-ko\u0161e-Imola-2-left.png 2400w, https:\/\/www.urban-furniture.cz\/wp-content\/uploads\/2021\/02\/47-ko\u0161e-Imola-2-left-300x145.png 300w, https:\/\/www.urban-furniture.cz\/wp-content\/uploads\/2021\/02\/47-ko\u0161e-Imola-2-left-1024x495.png 1024w, https:\/\/www.urban-furniture.cz\/wp-content\/uploads\/2021\/02\/47-ko\u0161e-Imola-2-left-768x371.png 768w, https:\/\/www.urban-furniture.cz\/wp-content\/uploads\/2021\/02\/47-ko\u0161e-Imola-2-left-1536x742.png 1536w, https:\/\/www.urban-furniture.cz\/wp-content\/uploads\/2021\/02\/47-ko\u0161e-Imola-2-left-2048x989.png 2048w, https:\/\/www.urban-furniture.cz\/wp-content\/uploads\/2021\/02\/47-ko\u0161e-Imola-2-left-24x12.png 24w, https:\/\/www.urban-furniture.cz\/wp-content\/uploads\/2021\/02\/47-ko\u0161e-Imola-2-left-36x17.png 36w, https:\/\/www.urban-furniture.cz\/wp-content\/uploads\/2021\/02\/47-ko\u0161e-Imola-2-left-48x23.png 48w\" sizes=\"(max-width: 706px) 89vw, (max-width: 767px) 82vw, 740px\" \/><\/td><\/tr><tr><td class=\"has-text-align-center\" data-align=\"center\">P\u0158EDN\u00cd POHLED<\/td><td class=\"has-text-align-center\" data-align=\"center\">HORN\u00cd POHLED<\/td><td class=\"has-text-align-center\" data-align=\"center\">BO\u010cN\u00cd POHLED<\/td><\/tr><\/tbody><\/table><figcaption><strong>Pozn\u00e1mka:<\/strong><em> Bez m\u011b\u0159\u00edtka.<\/em><\/figcaption><\/figure>\n\n\n\n<figure class=\"wp-block-table\"><table><tbody><tr><td><strong>Ke sta\u017een\u00ed<\/strong><\/td><td><\/td><\/tr><tr><td>Katalogov\u00fd list \u25bf<\/td><td>00 MB<\/td><\/tr><tr><td>Instala\u010dn\u00ed manu\u00e1l \u25bf<\/td><td>00 MB<\/td><\/tr><tr><td>Katalog \u25bf<\/td><td>00 MB<\/td><\/tr><tr><td><\/td><td><\/td><\/tr><tr><td><strong>Dotaz k produktu \u270e<\/strong><\/td><td><\/td><\/tr><\/tbody><\/table><\/figure>\n\n\n\n\n<div class=\"wpcf7 no-js\" id=\"wpcf7-f666-o1\" lang=\"cs-CZ\" dir=\"ltr\">\n<div class=\"screen-reader-response\"><p role=\"status\" aria-live=\"polite\" aria-atomic=\"true\"><\/p> <ul><\/ul><\/div>\n<form action=\"\/index.php\/wp-json\/wp\/v2\/pages\/1587#wpcf7-f666-o1\" method=\"post\" class=\"wpcf7-form init\" aria-label=\"Kontaktn\u00ed formul\u00e1\u0159\" novalidate=\"novalidate\" data-status=\"init\">\n<div style=\"display: none;\">\n<input type=\"hidden\" name=\"_wpcf7\" value=\"666\" \/>\n<input type=\"hidden\" name=\"_wpcf7_version\" value=\"5.7.4\" \/>\n<input type=\"hidden\" name=\"_wpcf7_locale\" value=\"cs_CZ\" \/>\n<input type=\"hidden\" name=\"_wpcf7_unit_tag\" value=\"wpcf7-f666-o1\" \/>\n<input type=\"hidden\" name=\"_wpcf7_container_post\" value=\"0\" \/>\n<input type=\"hidden\" name=\"_wpcf7_posted_data_hash\" value=\"\" \/>\n<input type=\"hidden\" name=\"_wpcf7_recaptcha_response\" value=\"\" \/>\n<\/div>\n<p><label> Va\u0161e jm\u00e9no (vy\u017eadov\u00e1no)<br \/>\n<span class=\"wpcf7-form-control-wrap\" data-name=\"your-name\"><input size=\"40\" class=\"wpcf7-form-control wpcf7-text wpcf7-validates-as-required\" aria-required=\"true\" aria-invalid=\"false\" value=\"\" type=\"text\" name=\"your-name\" \/><\/span> <\/label>\n<\/p>\n<p><label> V\u00e1\u0161 e-mail (vy\u017eadov\u00e1no)<br \/>\n<span class=\"wpcf7-form-control-wrap\" data-name=\"your-email\"><input size=\"40\" class=\"wpcf7-form-control wpcf7-text wpcf7-email wpcf7-validates-as-required wpcf7-validates-as-email\" aria-required=\"true\" aria-invalid=\"false\" value=\"\" type=\"email\" name=\"your-email\" \/><\/span> <\/label>\n<\/p>\n<p><label> P\u0159edm\u011bt (vy\u017eadov\u00e1no)<br \/>\n<span class=\"wpcf7-form-control-wrap\" data-name=\"your-subject\"><input size=\"40\" class=\"wpcf7-form-control wpcf7-text wpcf7-validates-as-required\" aria-required=\"true\" aria-invalid=\"false\" value=\"\" type=\"text\" name=\"your-subject\" \/><\/span> <\/label>\n<\/p>\n<p><label> Telefonn\u00ed \u010d\u00edslo<br \/>\n<span class=\"wpcf7-form-control-wrap\" data-name=\"tel-453\"><input size=\"40\" class=\"wpcf7-form-control wpcf7-text wpcf7-tel wpcf7-validates-as-required wpcf7-validates-as-tel\" aria-required=\"true\" aria-invalid=\"false\" value=\"\" type=\"tel\" name=\"tel-453\" \/><\/span> <\/label>\n<\/p>\n<p><label> Va\u0161e zpr\u00e1va<br \/>\n<span class=\"wpcf7-form-control-wrap\" data-name=\"your-message\"><textarea cols=\"40\" rows=\"10\" class=\"wpcf7-form-control wpcf7-textarea\" aria-invalid=\"false\" name=\"your-message\"><\/textarea><\/span> <\/label>\n<\/p>\n<p><input class=\"wpcf7-form-control has-spinner wpcf7-submit\" type=\"submit\" value=\"Odeslat\" \/>\n<\/p><p style=\"display: none !important;\"><label>&#916;<textarea name=\"_wpcf7_ak_hp_textarea\" cols=\"45\" rows=\"8\" maxlength=\"100\"><\/textarea><\/label><input type=\"hidden\" id=\"ak_js_1\" name=\"_wpcf7_ak_js\" value=\"107\"\/><script>document.getElementById( \"ak_js_1\" ).setAttribute( \"value\", ( new Date() ).getTime() );<\/script><\/p><div class=\"wpcf7-response-output\" aria-hidden=\"true\"><\/div>\n<\/form>\n<\/div>\n\n\n\n\n<p>\u25c1\u25c1 <a href=\"http:\/\/www.urban-furniture.cz\/index.php\/odpadkove-kose\/\">ZP\u011aT<\/a><\/p>\n","protected":false},"excerpt":{"rendered":"<p>Jednoduch\u00fd robustn\u00ed odpadkov\u00fd ko\u0161 vyroben\u00fd z galvanicky pozinkovan\u00e9 oceli. Ko\u0161 m\u016f\u017ee b\u00fdt uzp\u016fsoben pro odpadkov\u00e9 pytle nebo m\u016f\u017ee b\u00fdt opat\u0159en vnit\u0159n\u00ed n\u00e1dobou z galvanicky pozinkovan\u00e9 oceli. M\u016f\u017ee b\u00fdt opat\u0159en tak\u00e9 z\u00e1mkem. P\u0158EDN\u00cd POHLED HORN\u00cd POHLED BO\u010cN\u00cd POHLED Pozn\u00e1mka: Bez m\u011b\u0159\u00edtka. Ke sta\u017een\u00ed Katalogov\u00fd list \u25bf 00 MB Instala\u010dn\u00ed manu\u00e1l \u25bf 00 MB Katalog \u25bf 00 &hellip; <\/p>\n<p class=\"link-more\"><a href=\"https:\/\/www.urban-furniture.cz\/index.php\/odpadkovy-kos-imola-2\/\" class=\"more-link\">Pokra\u010dovat ve \u010dten\u00ed<span class=\"screen-reader-text\"> &#8220;Odpadkov\u00fd ko\u0161 Imola 2&#8221;<\/span><\/a><\/p>\n","protected":false},"author":1,"featured_media":0,"parent":0,"menu_order":0,"comment_status":"closed","ping_status":"closed","template":"","meta":{"content-type":""},"yoast_head":"<!-- This site is optimized with the Yoast SEO plugin v20.2.1 - https:\/\/yoast.com\/wordpress\/plugins\/seo\/ -->\n<title>Odpadkov\u00fd ko\u0161 Imola 2 &bull; Urban-furniture<\/title>\n<meta name=\"robots\" content=\"index, follow, max-snippet:-1, max-image-preview:large, max-video-preview:-1\" \/>\n<link rel=\"canonical\" href=\"https:\/\/www.urban-furniture.cz\/index.php\/odpadkovy-kos-imola-2\/\" \/>\n<meta property=\"og:locale\" content=\"cs_CZ\" \/>\n<meta property=\"og:type\" content=\"article\" \/>\n<meta property=\"og:title\" content=\"Odpadkov\u00fd ko\u0161 Imola 2 &bull; Urban-furniture\" \/>\n<meta property=\"og:description\" content=\"Jednoduch\u00fd robustn\u00ed odpadkov\u00fd ko\u0161 vyroben\u00fd z galvanicky pozinkovan\u00e9 oceli. Ko\u0161 m\u016f\u017ee b\u00fdt uzp\u016fsoben pro odpadkov\u00e9 pytle nebo m\u016f\u017ee b\u00fdt opat\u0159en vnit\u0159n\u00ed n\u00e1dobou z galvanicky pozinkovan\u00e9 oceli. M\u016f\u017ee b\u00fdt opat\u0159en tak\u00e9 z\u00e1mkem. P\u0158EDN\u00cd POHLED HORN\u00cd POHLED BO\u010cN\u00cd POHLED Pozn\u00e1mka: Bez m\u011b\u0159\u00edtka. Ke sta\u017een\u00ed Katalogov\u00fd list \u25bf 00 MB Instala\u010dn\u00ed manu\u00e1l \u25bf 00 MB Katalog \u25bf 00 &hellip; Pokra\u010dovat ve \u010dten\u00ed &quot;Odpadkov\u00fd ko\u0161 Imola 2&quot;\" \/>\n<meta property=\"og:url\" content=\"https:\/\/www.urban-furniture.cz\/index.php\/odpadkovy-kos-imola-2\/\" \/>\n<meta property=\"og:site_name\" content=\"Urban-furniture\" \/>\n<meta property=\"article:publisher\" content=\"https:\/\/www.facebook.com\/urbanfurniturefuture\/\" \/>\n<meta property=\"article:modified_time\" content=\"2021-02-15T18:58:15+00:00\" \/>\n<meta property=\"og:image\" content=\"http:\/\/www.urban-furniture.cz\/wp-content\/uploads\/2021\/02\/47-ko\u0161e-Imola-2.png\" \/>\n<meta name=\"twitter:card\" content=\"summary_large_image\" \/>\n<script type=\"application\/ld+json\" class=\"yoast-schema-graph\">{\"@context\":\"https:\/\/schema.org\",\"@graph\":[{\"@type\":\"WebPage\",\"@id\":\"https:\/\/www.urban-furniture.cz\/index.php\/odpadkovy-kos-imola-2\/\",\"url\":\"https:\/\/www.urban-furniture.cz\/index.php\/odpadkovy-kos-imola-2\/\",\"name\":\"Odpadkov\u00fd ko\u0161 Imola 2 &bull; Urban-furniture\",\"isPartOf\":{\"@id\":\"https:\/\/www.urban-furniture.cz\/#website\"},\"datePublished\":\"2021-02-15T18:58:14+00:00\",\"dateModified\":\"2021-02-15T18:58:15+00:00\",\"breadcrumb\":{\"@id\":\"https:\/\/www.urban-furniture.cz\/index.php\/odpadkovy-kos-imola-2\/#breadcrumb\"},\"inLanguage\":\"cs\",\"potentialAction\":[{\"@type\":\"ReadAction\",\"target\":[\"https:\/\/www.urban-furniture.cz\/index.php\/odpadkovy-kos-imola-2\/\"]}]},{\"@type\":\"BreadcrumbList\",\"@id\":\"https:\/\/www.urban-furniture.cz\/index.php\/odpadkovy-kos-imola-2\/#breadcrumb\",\"itemListElement\":[{\"@type\":\"ListItem\",\"position\":1,\"name\":\"Dom\u016f\",\"item\":\"https:\/\/www.urban-furniture.cz\/\"},{\"@type\":\"ListItem\",\"position\":2,\"name\":\"Odpadkov\u00fd ko\u0161 Imola 2\"}]},{\"@type\":\"WebSite\",\"@id\":\"https:\/\/www.urban-furniture.cz\/#website\",\"url\":\"https:\/\/www.urban-furniture.cz\/\",\"name\":\"M\u011bstsk\u00fd mobili\u00e1\u0159\",\"description\":\"m\u011bstsk\u00fd mobili\u00e1\u0159 na m\u00edru\",\"publisher\":{\"@id\":\"https:\/\/www.urban-furniture.cz\/#organization\"},\"potentialAction\":[{\"@type\":\"SearchAction\",\"target\":{\"@type\":\"EntryPoint\",\"urlTemplate\":\"https:\/\/www.urban-furniture.cz\/?s={search_term_string}\"},\"query-input\":\"required name=search_term_string\"}],\"inLanguage\":\"cs\"},{\"@type\":\"Organization\",\"@id\":\"https:\/\/www.urban-furniture.cz\/#organization\",\"name\":\"Urban-furniture s.r.o.\",\"url\":\"https:\/\/www.urban-furniture.cz\/\",\"logo\":{\"@type\":\"ImageObject\",\"inLanguage\":\"cs\",\"@id\":\"https:\/\/www.urban-furniture.cz\/#\/schema\/logo\/image\/\",\"url\":\"https:\/\/www.urban-furniture.cz\/wp-content\/uploads\/2018\/08\/logo-urban.png\",\"contentUrl\":\"https:\/\/www.urban-furniture.cz\/wp-content\/uploads\/2018\/08\/logo-urban.png\",\"width\":1215,\"height\":413,\"caption\":\"Urban-furniture s.r.o.\"},\"image\":{\"@id\":\"https:\/\/www.urban-furniture.cz\/#\/schema\/logo\/image\/\"},\"sameAs\":[\"https:\/\/www.facebook.com\/urbanfurniturefuture\/\"]}]}<\/script>\n<!-- \/ Yoast SEO plugin. -->","yoast_head_json":{"title":"Odpadkov\u00fd ko\u0161 Imola 2 &bull; Urban-furniture","robots":{"index":"index","follow":"follow","max-snippet":"max-snippet:-1","max-image-preview":"max-image-preview:large","max-video-preview":"max-video-preview:-1"},"canonical":"https:\/\/www.urban-furniture.cz\/index.php\/odpadkovy-kos-imola-2\/","og_locale":"cs_CZ","og_type":"article","og_title":"Odpadkov\u00fd ko\u0161 Imola 2 &bull; Urban-furniture","og_description":"Jednoduch\u00fd robustn\u00ed odpadkov\u00fd ko\u0161 vyroben\u00fd z galvanicky pozinkovan\u00e9 oceli. Ko\u0161 m\u016f\u017ee b\u00fdt uzp\u016fsoben pro odpadkov\u00e9 pytle nebo m\u016f\u017ee b\u00fdt opat\u0159en vnit\u0159n\u00ed n\u00e1dobou z galvanicky pozinkovan\u00e9 oceli. M\u016f\u017ee b\u00fdt opat\u0159en tak\u00e9 z\u00e1mkem. P\u0158EDN\u00cd POHLED HORN\u00cd POHLED BO\u010cN\u00cd POHLED Pozn\u00e1mka: Bez m\u011b\u0159\u00edtka. Ke sta\u017een\u00ed Katalogov\u00fd list \u25bf 00 MB Instala\u010dn\u00ed manu\u00e1l \u25bf 00 MB Katalog \u25bf 00 &hellip; Pokra\u010dovat ve \u010dten\u00ed \"Odpadkov\u00fd ko\u0161 Imola 2\"","og_url":"https:\/\/www.urban-furniture.cz\/index.php\/odpadkovy-kos-imola-2\/","og_site_name":"Urban-furniture","article_publisher":"https:\/\/www.facebook.com\/urbanfurniturefuture\/","article_modified_time":"2021-02-15T18:58:15+00:00","og_image":[{"url":"http:\/\/www.urban-furniture.cz\/wp-content\/uploads\/2021\/02\/47-ko\u0161e-Imola-2.png"}],"twitter_card":"summary_large_image","schema":{"@context":"https:\/\/schema.org","@graph":[{"@type":"WebPage","@id":"https:\/\/www.urban-furniture.cz\/index.php\/odpadkovy-kos-imola-2\/","url":"https:\/\/www.urban-furniture.cz\/index.php\/odpadkovy-kos-imola-2\/","name":"Odpadkov\u00fd ko\u0161 Imola 2 &bull; Urban-furniture","isPartOf":{"@id":"https:\/\/www.urban-furniture.cz\/#website"},"datePublished":"2021-02-15T18:58:14+00:00","dateModified":"2021-02-15T18:58:15+00:00","breadcrumb":{"@id":"https:\/\/www.urban-furniture.cz\/index.php\/odpadkovy-kos-imola-2\/#breadcrumb"},"inLanguage":"cs","potentialAction":[{"@type":"ReadAction","target":["https:\/\/www.urban-furniture.cz\/index.php\/odpadkovy-kos-imola-2\/"]}]},{"@type":"BreadcrumbList","@id":"https:\/\/www.urban-furniture.cz\/index.php\/odpadkovy-kos-imola-2\/#breadcrumb","itemListElement":[{"@type":"ListItem","position":1,"name":"Dom\u016f","item":"https:\/\/www.urban-furniture.cz\/"},{"@type":"ListItem","position":2,"name":"Odpadkov\u00fd ko\u0161 Imola 2"}]},{"@type":"WebSite","@id":"https:\/\/www.urban-furniture.cz\/#website","url":"https:\/\/www.urban-furniture.cz\/","name":"M\u011bstsk\u00fd mobili\u00e1\u0159","description":"m\u011bstsk\u00fd mobili\u00e1\u0159 na m\u00edru","publisher":{"@id":"https:\/\/www.urban-furniture.cz\/#organization"},"potentialAction":[{"@type":"SearchAction","target":{"@type":"EntryPoint","urlTemplate":"https:\/\/www.urban-furniture.cz\/?s={search_term_string}"},"query-input":"required name=search_term_string"}],"inLanguage":"cs"},{"@type":"Organization","@id":"https:\/\/www.urban-furniture.cz\/#organization","name":"Urban-furniture s.r.o.","url":"https:\/\/www.urban-furniture.cz\/","logo":{"@type":"ImageObject","inLanguage":"cs","@id":"https:\/\/www.urban-furniture.cz\/#\/schema\/logo\/image\/","url":"https:\/\/www.urban-furniture.cz\/wp-content\/uploads\/2018\/08\/logo-urban.png","contentUrl":"https:\/\/www.urban-furniture.cz\/wp-content\/uploads\/2018\/08\/logo-urban.png","width":1215,"height":413,"caption":"Urban-furniture s.r.o."},"image":{"@id":"https:\/\/www.urban-furniture.cz\/#\/schema\/logo\/image\/"},"sameAs":["https:\/\/www.facebook.com\/urbanfurniturefuture\/"]}]}},"_links":{"self":[{"href":"https:\/\/www.urban-furniture.cz\/index.php\/wp-json\/wp\/v2\/pages\/1587"}],"collection":[{"href":"https:\/\/www.urban-furniture.cz\/index.php\/wp-json\/wp\/v2\/pages"}],"about":[{"href":"https:\/\/www.urban-furniture.cz\/index.php\/wp-json\/wp\/v2\/types\/page"}],"author":[{"embeddable":true,"href":"https:\/\/www.urban-furniture.cz\/index.php\/wp-json\/wp\/v2\/users\/1"}],"replies":[{"embeddable":true,"href":"https:\/\/www.urban-furniture.cz\/index.php\/wp-json\/wp\/v2\/comments?post=1587"}],"version-history":[{"count":1,"href":"https:\/\/www.urban-furniture.cz\/index.php\/wp-json\/wp\/v2\/pages\/1587\/revisions"}],"predecessor-version":[{"id":1593,"href":"https:\/\/www.urban-furniture.cz\/index.php\/wp-json\/wp\/v2\/pages\/1587\/revisions\/1593"}],"wp:attachment":[{"href":"https:\/\/www.urban-furniture.cz\/index.php\/wp-json\/wp\/v2\/media?parent=1587"}],"curies":[{"name":"wp","href":"https:\/\/api.w.org\/{rel}","templated":true}]}}