{"id":1111,"date":"2021-02-12T13:30:38","date_gmt":"2021-02-12T13:30:38","guid":{"rendered":"http:\/\/www.urban-furniture.cz\/?page_id=1111"},"modified":"2021-02-13T16:46:40","modified_gmt":"2021-02-13T16:46:40","slug":"venkovni-odpadkove-kose-pro-international-hotel-prague","status":"publish","type":"page","link":"https:\/\/www.urban-furniture.cz\/index.php\/venkovni-odpadkove-kose-pro-international-hotel-prague\/","title":{"rendered":"Venkovn\u00ed odpadkov\u00e9 ko\u0161e pro International Hotel Prague"},"content":{"rendered":"\n<figure class=\"is-layout-flex wp-block-gallery-1 wp-block-gallery columns-3 is-cropped\"><ul class=\"blocks-gallery-grid\"><li class=\"blocks-gallery-item\"><figure><img decoding=\"async\" loading=\"lazy\" width=\"768\" height=\"1024\" src=\"http:\/\/www.urban-furniture.cz\/wp-content\/uploads\/2021\/02\/IMG_6383-768x1024.jpg\" alt=\"\" data-id=\"1097\" data-full-url=\"http:\/\/www.urban-furniture.cz\/wp-content\/uploads\/2021\/02\/IMG_6383-scaled.jpg\" data-link=\"http:\/\/www.urban-furniture.cz\/index.php\/piknikova-lavice-lavicka-a-odpadkove-kose-na-trideny-odpadk-pro-mc-praha-12\/img_6383\/\" class=\"wp-image-1097\" srcset=\"https:\/\/www.urban-furniture.cz\/wp-content\/uploads\/2021\/02\/IMG_6383-768x1024.jpg 768w, https:\/\/www.urban-furniture.cz\/wp-content\/uploads\/2021\/02\/IMG_6383-225x300.jpg 225w, https:\/\/www.urban-furniture.cz\/wp-content\/uploads\/2021\/02\/IMG_6383-1152x1536.jpg 1152w, https:\/\/www.urban-furniture.cz\/wp-content\/uploads\/2021\/02\/IMG_6383-1536x2048.jpg 1536w, https:\/\/www.urban-furniture.cz\/wp-content\/uploads\/2021\/02\/IMG_6383-18x24.jpg 18w, https:\/\/www.urban-furniture.cz\/wp-content\/uploads\/2021\/02\/IMG_6383-27x36.jpg 27w, https:\/\/www.urban-furniture.cz\/wp-content\/uploads\/2021\/02\/IMG_6383-36x48.jpg 36w, https:\/\/www.urban-furniture.cz\/wp-content\/uploads\/2021\/02\/IMG_6383-scaled.jpg 1920w\" sizes=\"(max-width: 706px) 89vw, (max-width: 767px) 82vw, 740px\" \/><\/figure><\/li><li class=\"blocks-gallery-item\"><figure><img decoding=\"async\" loading=\"lazy\" width=\"768\" height=\"1024\" src=\"http:\/\/www.urban-furniture.cz\/wp-content\/uploads\/2021\/02\/IMG_6380-2-768x1024.jpg\" alt=\"\" data-id=\"1096\" data-full-url=\"http:\/\/www.urban-furniture.cz\/wp-content\/uploads\/2021\/02\/IMG_6380-2-scaled.jpg\" data-link=\"http:\/\/www.urban-furniture.cz\/index.php\/piknikova-lavice-lavicka-a-odpadkove-kose-na-trideny-odpadk-pro-mc-praha-12\/img_6380-2\/\" class=\"wp-image-1096\" srcset=\"https:\/\/www.urban-furniture.cz\/wp-content\/uploads\/2021\/02\/IMG_6380-2-768x1024.jpg 768w, https:\/\/www.urban-furniture.cz\/wp-content\/uploads\/2021\/02\/IMG_6380-2-225x300.jpg 225w, https:\/\/www.urban-furniture.cz\/wp-content\/uploads\/2021\/02\/IMG_6380-2-1152x1536.jpg 1152w, https:\/\/www.urban-furniture.cz\/wp-content\/uploads\/2021\/02\/IMG_6380-2-1536x2048.jpg 1536w, https:\/\/www.urban-furniture.cz\/wp-content\/uploads\/2021\/02\/IMG_6380-2-18x24.jpg 18w, https:\/\/www.urban-furniture.cz\/wp-content\/uploads\/2021\/02\/IMG_6380-2-27x36.jpg 27w, https:\/\/www.urban-furniture.cz\/wp-content\/uploads\/2021\/02\/IMG_6380-2-36x48.jpg 36w, https:\/\/www.urban-furniture.cz\/wp-content\/uploads\/2021\/02\/IMG_6380-2-scaled.jpg 1920w\" sizes=\"(max-width: 706px) 89vw, (max-width: 767px) 82vw, 740px\" \/><\/figure><\/li><li class=\"blocks-gallery-item\"><figure><img decoding=\"async\" loading=\"lazy\" width=\"768\" height=\"1024\" src=\"http:\/\/www.urban-furniture.cz\/wp-content\/uploads\/2021\/02\/IMG_6379-768x1024.jpg\" alt=\"\" data-id=\"1095\" data-full-url=\"http:\/\/www.urban-furniture.cz\/wp-content\/uploads\/2021\/02\/IMG_6379-scaled.jpg\" data-link=\"http:\/\/www.urban-furniture.cz\/index.php\/piknikova-lavice-lavicka-a-odpadkove-kose-na-trideny-odpadk-pro-mc-praha-12\/img_6379\/\" class=\"wp-image-1095\" srcset=\"https:\/\/www.urban-furniture.cz\/wp-content\/uploads\/2021\/02\/IMG_6379-768x1024.jpg 768w, https:\/\/www.urban-furniture.cz\/wp-content\/uploads\/2021\/02\/IMG_6379-225x300.jpg 225w, https:\/\/www.urban-furniture.cz\/wp-content\/uploads\/2021\/02\/IMG_6379-1152x1536.jpg 1152w, https:\/\/www.urban-furniture.cz\/wp-content\/uploads\/2021\/02\/IMG_6379-1536x2048.jpg 1536w, https:\/\/www.urban-furniture.cz\/wp-content\/uploads\/2021\/02\/IMG_6379-18x24.jpg 18w, https:\/\/www.urban-furniture.cz\/wp-content\/uploads\/2021\/02\/IMG_6379-27x36.jpg 27w, https:\/\/www.urban-furniture.cz\/wp-content\/uploads\/2021\/02\/IMG_6379-36x48.jpg 36w, https:\/\/www.urban-furniture.cz\/wp-content\/uploads\/2021\/02\/IMG_6379-scaled.jpg 1920w\" sizes=\"(max-width: 706px) 89vw, (max-width: 767px) 82vw, 740px\" \/><\/figure><\/li><li class=\"blocks-gallery-item\"><figure><img decoding=\"async\" loading=\"lazy\" width=\"768\" height=\"1024\" src=\"http:\/\/www.urban-furniture.cz\/wp-content\/uploads\/2021\/02\/IMG_6378-768x1024.jpg\" alt=\"\" data-id=\"1094\" data-full-url=\"http:\/\/www.urban-furniture.cz\/wp-content\/uploads\/2021\/02\/IMG_6378-scaled.jpg\" data-link=\"http:\/\/www.urban-furniture.cz\/index.php\/piknikova-lavice-lavicka-a-odpadkove-kose-na-trideny-odpadk-pro-mc-praha-12\/img_6378\/\" class=\"wp-image-1094\" srcset=\"https:\/\/www.urban-furniture.cz\/wp-content\/uploads\/2021\/02\/IMG_6378-768x1024.jpg 768w, https:\/\/www.urban-furniture.cz\/wp-content\/uploads\/2021\/02\/IMG_6378-225x300.jpg 225w, https:\/\/www.urban-furniture.cz\/wp-content\/uploads\/2021\/02\/IMG_6378-1152x1536.jpg 1152w, https:\/\/www.urban-furniture.cz\/wp-content\/uploads\/2021\/02\/IMG_6378-1536x2048.jpg 1536w, https:\/\/www.urban-furniture.cz\/wp-content\/uploads\/2021\/02\/IMG_6378-18x24.jpg 18w, https:\/\/www.urban-furniture.cz\/wp-content\/uploads\/2021\/02\/IMG_6378-27x36.jpg 27w, https:\/\/www.urban-furniture.cz\/wp-content\/uploads\/2021\/02\/IMG_6378-36x48.jpg 36w, https:\/\/www.urban-furniture.cz\/wp-content\/uploads\/2021\/02\/IMG_6378-scaled.jpg 1920w\" sizes=\"(max-width: 706px) 89vw, (max-width: 767px) 82vw, 740px\" \/><\/figure><\/li><li class=\"blocks-gallery-item\"><figure><img decoding=\"async\" loading=\"lazy\" width=\"768\" height=\"1024\" src=\"http:\/\/www.urban-furniture.cz\/wp-content\/uploads\/2021\/02\/IMG_6377-768x1024.jpg\" alt=\"\" data-id=\"1093\" data-full-url=\"http:\/\/www.urban-furniture.cz\/wp-content\/uploads\/2021\/02\/IMG_6377-scaled.jpg\" data-link=\"http:\/\/www.urban-furniture.cz\/index.php\/piknikova-lavice-lavicka-a-odpadkove-kose-na-trideny-odpadk-pro-mc-praha-12\/img_6377\/\" class=\"wp-image-1093\" srcset=\"https:\/\/www.urban-furniture.cz\/wp-content\/uploads\/2021\/02\/IMG_6377-768x1024.jpg 768w, https:\/\/www.urban-furniture.cz\/wp-content\/uploads\/2021\/02\/IMG_6377-225x300.jpg 225w, https:\/\/www.urban-furniture.cz\/wp-content\/uploads\/2021\/02\/IMG_6377-1152x1536.jpg 1152w, https:\/\/www.urban-furniture.cz\/wp-content\/uploads\/2021\/02\/IMG_6377-1536x2048.jpg 1536w, https:\/\/www.urban-furniture.cz\/wp-content\/uploads\/2021\/02\/IMG_6377-18x24.jpg 18w, https:\/\/www.urban-furniture.cz\/wp-content\/uploads\/2021\/02\/IMG_6377-27x36.jpg 27w, https:\/\/www.urban-furniture.cz\/wp-content\/uploads\/2021\/02\/IMG_6377-36x48.jpg 36w, https:\/\/www.urban-furniture.cz\/wp-content\/uploads\/2021\/02\/IMG_6377-scaled.jpg 1920w\" sizes=\"(max-width: 706px) 89vw, (max-width: 767px) 82vw, 740px\" \/><\/figure><\/li><li class=\"blocks-gallery-item\"><figure><img decoding=\"async\" loading=\"lazy\" width=\"768\" height=\"1024\" src=\"http:\/\/www.urban-furniture.cz\/wp-content\/uploads\/2021\/02\/IMG_6375-768x1024.jpg\" alt=\"\" data-id=\"1091\" data-full-url=\"http:\/\/www.urban-furniture.cz\/wp-content\/uploads\/2021\/02\/IMG_6375-scaled.jpg\" data-link=\"http:\/\/www.urban-furniture.cz\/index.php\/piknikova-lavice-lavicka-a-odpadkove-kose-na-trideny-odpadk-pro-mc-praha-12\/img_6375\/\" class=\"wp-image-1091\" srcset=\"https:\/\/www.urban-furniture.cz\/wp-content\/uploads\/2021\/02\/IMG_6375-768x1024.jpg 768w, https:\/\/www.urban-furniture.cz\/wp-content\/uploads\/2021\/02\/IMG_6375-225x300.jpg 225w, https:\/\/www.urban-furniture.cz\/wp-content\/uploads\/2021\/02\/IMG_6375-1152x1536.jpg 1152w, https:\/\/www.urban-furniture.cz\/wp-content\/uploads\/2021\/02\/IMG_6375-1536x2048.jpg 1536w, https:\/\/www.urban-furniture.cz\/wp-content\/uploads\/2021\/02\/IMG_6375-18x24.jpg 18w, https:\/\/www.urban-furniture.cz\/wp-content\/uploads\/2021\/02\/IMG_6375-27x36.jpg 27w, https:\/\/www.urban-furniture.cz\/wp-content\/uploads\/2021\/02\/IMG_6375-36x48.jpg 36w, https:\/\/www.urban-furniture.cz\/wp-content\/uploads\/2021\/02\/IMG_6375-scaled.jpg 1920w\" sizes=\"(max-width: 706px) 89vw, (max-width: 767px) 82vw, 740px\" \/><\/figure><\/li><li class=\"blocks-gallery-item\"><figure><img decoding=\"async\" loading=\"lazy\" width=\"768\" height=\"1024\" src=\"http:\/\/www.urban-furniture.cz\/wp-content\/uploads\/2021\/02\/IMG_6376-2-768x1024.jpg\" alt=\"\" data-id=\"1092\" data-full-url=\"http:\/\/www.urban-furniture.cz\/wp-content\/uploads\/2021\/02\/IMG_6376-2-scaled.jpg\" data-link=\"http:\/\/www.urban-furniture.cz\/index.php\/piknikova-lavice-lavicka-a-odpadkove-kose-na-trideny-odpadk-pro-mc-praha-12\/img_6376-2\/\" class=\"wp-image-1092\" srcset=\"https:\/\/www.urban-furniture.cz\/wp-content\/uploads\/2021\/02\/IMG_6376-2-768x1024.jpg 768w, https:\/\/www.urban-furniture.cz\/wp-content\/uploads\/2021\/02\/IMG_6376-2-225x300.jpg 225w, https:\/\/www.urban-furniture.cz\/wp-content\/uploads\/2021\/02\/IMG_6376-2-1152x1536.jpg 1152w, https:\/\/www.urban-furniture.cz\/wp-content\/uploads\/2021\/02\/IMG_6376-2-1536x2048.jpg 1536w, https:\/\/www.urban-furniture.cz\/wp-content\/uploads\/2021\/02\/IMG_6376-2-18x24.jpg 18w, https:\/\/www.urban-furniture.cz\/wp-content\/uploads\/2021\/02\/IMG_6376-2-27x36.jpg 27w, https:\/\/www.urban-furniture.cz\/wp-content\/uploads\/2021\/02\/IMG_6376-2-36x48.jpg 36w, https:\/\/www.urban-furniture.cz\/wp-content\/uploads\/2021\/02\/IMG_6376-2-scaled.jpg 1920w\" sizes=\"(max-width: 706px) 89vw, (max-width: 767px) 82vw, 740px\" \/><\/figure><\/li><\/ul><\/figure>\n\n\n\n<p>\u25c1\u25c1 <a href=\"http:\/\/www.urban-furniture.cz\/index.php\/reference\/\">ZP\u011aT<\/a><\/p>\n","protected":false},"excerpt":{"rendered":"<p>\u25c1\u25c1 ZP\u011aT<\/p>\n","protected":false},"author":1,"featured_media":0,"parent":0,"menu_order":0,"comment_status":"closed","ping_status":"closed","template":"","meta":{"content-type":""},"yoast_head":"<!-- This site is optimized with the Yoast SEO plugin v20.2.1 - https:\/\/yoast.com\/wordpress\/plugins\/seo\/ -->\n<title>Venkovn\u00ed odpadkov\u00e9 ko\u0161e pro International Hotel Prague &bull; Urban-furniture<\/title>\n<meta name=\"robots\" content=\"index, follow, max-snippet:-1, max-image-preview:large, max-video-preview:-1\" \/>\n<link rel=\"canonical\" href=\"https:\/\/www.urban-furniture.cz\/index.php\/venkovni-odpadkove-kose-pro-international-hotel-prague\/\" \/>\n<meta property=\"og:locale\" content=\"cs_CZ\" \/>\n<meta property=\"og:type\" content=\"article\" \/>\n<meta property=\"og:title\" content=\"Venkovn\u00ed odpadkov\u00e9 ko\u0161e pro International Hotel Prague &bull; Urban-furniture\" \/>\n<meta property=\"og:description\" content=\"\u25c1\u25c1 ZP\u011aT\" \/>\n<meta property=\"og:url\" content=\"https:\/\/www.urban-furniture.cz\/index.php\/venkovni-odpadkove-kose-pro-international-hotel-prague\/\" \/>\n<meta property=\"og:site_name\" content=\"Urban-furniture\" \/>\n<meta property=\"article:publisher\" content=\"https:\/\/www.facebook.com\/urbanfurniturefuture\/\" \/>\n<meta property=\"article:modified_time\" content=\"2021-02-13T16:46:40+00:00\" \/>\n<meta property=\"og:image\" content=\"http:\/\/www.urban-furniture.cz\/wp-content\/uploads\/2021\/02\/IMG_6383-768x1024.jpg\" \/>\n<meta name=\"twitter:card\" content=\"summary_large_image\" \/>\n<script type=\"application\/ld+json\" class=\"yoast-schema-graph\">{\"@context\":\"https:\/\/schema.org\",\"@graph\":[{\"@type\":\"WebPage\",\"@id\":\"https:\/\/www.urban-furniture.cz\/index.php\/venkovni-odpadkove-kose-pro-international-hotel-prague\/\",\"url\":\"https:\/\/www.urban-furniture.cz\/index.php\/venkovni-odpadkove-kose-pro-international-hotel-prague\/\",\"name\":\"Venkovn\u00ed odpadkov\u00e9 ko\u0161e pro International Hotel Prague &bull; Urban-furniture\",\"isPartOf\":{\"@id\":\"https:\/\/www.urban-furniture.cz\/#website\"},\"datePublished\":\"2021-02-12T13:30:38+00:00\",\"dateModified\":\"2021-02-13T16:46:40+00:00\",\"breadcrumb\":{\"@id\":\"https:\/\/www.urban-furniture.cz\/index.php\/venkovni-odpadkove-kose-pro-international-hotel-prague\/#breadcrumb\"},\"inLanguage\":\"cs\",\"potentialAction\":[{\"@type\":\"ReadAction\",\"target\":[\"https:\/\/www.urban-furniture.cz\/index.php\/venkovni-odpadkove-kose-pro-international-hotel-prague\/\"]}]},{\"@type\":\"BreadcrumbList\",\"@id\":\"https:\/\/www.urban-furniture.cz\/index.php\/venkovni-odpadkove-kose-pro-international-hotel-prague\/#breadcrumb\",\"itemListElement\":[{\"@type\":\"ListItem\",\"position\":1,\"name\":\"Dom\u016f\",\"item\":\"https:\/\/www.urban-furniture.cz\/\"},{\"@type\":\"ListItem\",\"position\":2,\"name\":\"Venkovn\u00ed odpadkov\u00e9 ko\u0161e pro International Hotel Prague\"}]},{\"@type\":\"WebSite\",\"@id\":\"https:\/\/www.urban-furniture.cz\/#website\",\"url\":\"https:\/\/www.urban-furniture.cz\/\",\"name\":\"M\u011bstsk\u00fd mobili\u00e1\u0159\",\"description\":\"m\u011bstsk\u00fd mobili\u00e1\u0159 na m\u00edru\",\"publisher\":{\"@id\":\"https:\/\/www.urban-furniture.cz\/#organization\"},\"potentialAction\":[{\"@type\":\"SearchAction\",\"target\":{\"@type\":\"EntryPoint\",\"urlTemplate\":\"https:\/\/www.urban-furniture.cz\/?s={search_term_string}\"},\"query-input\":\"required name=search_term_string\"}],\"inLanguage\":\"cs\"},{\"@type\":\"Organization\",\"@id\":\"https:\/\/www.urban-furniture.cz\/#organization\",\"name\":\"Urban-furniture s.r.o.\",\"url\":\"https:\/\/www.urban-furniture.cz\/\",\"logo\":{\"@type\":\"ImageObject\",\"inLanguage\":\"cs\",\"@id\":\"https:\/\/www.urban-furniture.cz\/#\/schema\/logo\/image\/\",\"url\":\"https:\/\/www.urban-furniture.cz\/wp-content\/uploads\/2018\/08\/logo-urban.png\",\"contentUrl\":\"https:\/\/www.urban-furniture.cz\/wp-content\/uploads\/2018\/08\/logo-urban.png\",\"width\":1215,\"height\":413,\"caption\":\"Urban-furniture s.r.o.\"},\"image\":{\"@id\":\"https:\/\/www.urban-furniture.cz\/#\/schema\/logo\/image\/\"},\"sameAs\":[\"https:\/\/www.facebook.com\/urbanfurniturefuture\/\"]}]}<\/script>\n<!-- \/ Yoast SEO plugin. -->","yoast_head_json":{"title":"Venkovn\u00ed odpadkov\u00e9 ko\u0161e pro International Hotel Prague &bull; Urban-furniture","robots":{"index":"index","follow":"follow","max-snippet":"max-snippet:-1","max-image-preview":"max-image-preview:large","max-video-preview":"max-video-preview:-1"},"canonical":"https:\/\/www.urban-furniture.cz\/index.php\/venkovni-odpadkove-kose-pro-international-hotel-prague\/","og_locale":"cs_CZ","og_type":"article","og_title":"Venkovn\u00ed odpadkov\u00e9 ko\u0161e pro International Hotel Prague &bull; Urban-furniture","og_description":"\u25c1\u25c1 ZP\u011aT","og_url":"https:\/\/www.urban-furniture.cz\/index.php\/venkovni-odpadkove-kose-pro-international-hotel-prague\/","og_site_name":"Urban-furniture","article_publisher":"https:\/\/www.facebook.com\/urbanfurniturefuture\/","article_modified_time":"2021-02-13T16:46:40+00:00","og_image":[{"url":"http:\/\/www.urban-furniture.cz\/wp-content\/uploads\/2021\/02\/IMG_6383-768x1024.jpg"}],"twitter_card":"summary_large_image","schema":{"@context":"https:\/\/schema.org","@graph":[{"@type":"WebPage","@id":"https:\/\/www.urban-furniture.cz\/index.php\/venkovni-odpadkove-kose-pro-international-hotel-prague\/","url":"https:\/\/www.urban-furniture.cz\/index.php\/venkovni-odpadkove-kose-pro-international-hotel-prague\/","name":"Venkovn\u00ed odpadkov\u00e9 ko\u0161e pro International Hotel Prague &bull; Urban-furniture","isPartOf":{"@id":"https:\/\/www.urban-furniture.cz\/#website"},"datePublished":"2021-02-12T13:30:38+00:00","dateModified":"2021-02-13T16:46:40+00:00","breadcrumb":{"@id":"https:\/\/www.urban-furniture.cz\/index.php\/venkovni-odpadkove-kose-pro-international-hotel-prague\/#breadcrumb"},"inLanguage":"cs","potentialAction":[{"@type":"ReadAction","target":["https:\/\/www.urban-furniture.cz\/index.php\/venkovni-odpadkove-kose-pro-international-hotel-prague\/"]}]},{"@type":"BreadcrumbList","@id":"https:\/\/www.urban-furniture.cz\/index.php\/venkovni-odpadkove-kose-pro-international-hotel-prague\/#breadcrumb","itemListElement":[{"@type":"ListItem","position":1,"name":"Dom\u016f","item":"https:\/\/www.urban-furniture.cz\/"},{"@type":"ListItem","position":2,"name":"Venkovn\u00ed odpadkov\u00e9 ko\u0161e pro International Hotel Prague"}]},{"@type":"WebSite","@id":"https:\/\/www.urban-furniture.cz\/#website","url":"https:\/\/www.urban-furniture.cz\/","name":"M\u011bstsk\u00fd mobili\u00e1\u0159","description":"m\u011bstsk\u00fd mobili\u00e1\u0159 na m\u00edru","publisher":{"@id":"https:\/\/www.urban-furniture.cz\/#organization"},"potentialAction":[{"@type":"SearchAction","target":{"@type":"EntryPoint","urlTemplate":"https:\/\/www.urban-furniture.cz\/?s={search_term_string}"},"query-input":"required name=search_term_string"}],"inLanguage":"cs"},{"@type":"Organization","@id":"https:\/\/www.urban-furniture.cz\/#organization","name":"Urban-furniture s.r.o.","url":"https:\/\/www.urban-furniture.cz\/","logo":{"@type":"ImageObject","inLanguage":"cs","@id":"https:\/\/www.urban-furniture.cz\/#\/schema\/logo\/image\/","url":"https:\/\/www.urban-furniture.cz\/wp-content\/uploads\/2018\/08\/logo-urban.png","contentUrl":"https:\/\/www.urban-furniture.cz\/wp-content\/uploads\/2018\/08\/logo-urban.png","width":1215,"height":413,"caption":"Urban-furniture s.r.o."},"image":{"@id":"https:\/\/www.urban-furniture.cz\/#\/schema\/logo\/image\/"},"sameAs":["https:\/\/www.facebook.com\/urbanfurniturefuture\/"]}]}},"_links":{"self":[{"href":"https:\/\/www.urban-furniture.cz\/index.php\/wp-json\/wp\/v2\/pages\/1111"}],"collection":[{"href":"https:\/\/www.urban-furniture.cz\/index.php\/wp-json\/wp\/v2\/pages"}],"about":[{"href":"https:\/\/www.urban-furniture.cz\/index.php\/wp-json\/wp\/v2\/types\/page"}],"author":[{"embeddable":true,"href":"https:\/\/www.urban-furniture.cz\/index.php\/wp-json\/wp\/v2\/users\/1"}],"replies":[{"embeddable":true,"href":"https:\/\/www.urban-furniture.cz\/index.php\/wp-json\/wp\/v2\/comments?post=1111"}],"version-history":[{"count":2,"href":"https:\/\/www.urban-furniture.cz\/index.php\/wp-json\/wp\/v2\/pages\/1111\/revisions"}],"predecessor-version":[{"id":1172,"href":"https:\/\/www.urban-furniture.cz\/index.php\/wp-json\/wp\/v2\/pages\/1111\/revisions\/1172"}],"wp:attachment":[{"href":"https:\/\/www.urban-furniture.cz\/index.php\/wp-json\/wp\/v2\/media?parent=1111"}],"curies":[{"name":"wp","href":"https:\/\/api.w.org\/{rel}","templated":true}]}}